{"id":31947,"date":"2026-04-20T22:40:17","date_gmt":"2026-04-20T19:40:17","guid":{"rendered":"https:\/\/globalperspektif.com\/?post_type=cpt_services&#038;p=31947"},"modified":"2026-04-23T22:53:19","modified_gmt":"2026-04-23T19:53:19","slug":"milano-gayrimenkul","status":"publish","type":"cpt_services","link":"https:\/\/globalperspektif.com\/en\/diger\/milano-gayrimenkul\/","title":{"rendered":"Milano Gayrimenkul"},"content":{"rendered":"<div data-elementor-type=\"wp-post\" data-elementor-id=\"31947\" class=\"elementor elementor-31947\">\n\t\t\t\t<div class=\"elementor-element elementor-element-12c3da6c e-flex e-con-boxed sc_inner_width_none sc_layouts_column_icons_position_left e-con e-parent\" data-id=\"12c3da6c\" data-element_type=\"container\">\n\t\t\t\t\t<div class=\"e-con-inner\">\n\t\t\t\t<div class=\"elementor-element elementor-element-73746564 sc_fly_static elementor-widget elementor-widget-text-editor\" data-id=\"73746564\" data-element_type=\"widget\" data-widget_type=\"text-editor.default\">\n\t\t\t\t<div class=\"elementor-widget-container\">\n\t\t\t\t\t\t\t\t\t<h3>Milano Gayrimenkul<\/h3><p>Yurtd\u0131\u015f\u0131nda yat\u0131r\u0131m yoluyla oturum izni ya da vatanda\u015fl\u0131k elde etmek son y\u0131llarda global yat\u0131r\u0131mc\u0131lar\u0131n en \u00e7ok ilgi g\u00f6sterdi\u011fi alanlardan biri haline gelmi\u015ftir. \u00d6zellikle Avrupa\u2019n\u0131n g\u00fc\u00e7l\u00fc ekonomileri, ya\u015fam standartlar\u0131 ve sundu\u011fu f\u0131rsatlar bu alana olan talebi her ge\u00e7en g\u00fcn art\u0131rmaktad\u0131r.<\/p><p>Bu noktada do\u011fru y\u00f6nlendirme ve profesyonel destek almak ise s\u00fcrecin en kritik a\u015famas\u0131d\u0131r. Global Perspektif yat\u0131r\u0131mc\u0131lar\u0131n beklentilerini do\u011fru analiz ederek onlar\u0131n hedeflerine ula\u015fmas\u0131n\u0131 sa\u011flayan kapsaml\u0131 \u00e7\u00f6z\u00fcmler sunan g\u00fcvenilir bir dan\u0131\u015fmanl\u0131k kurulu\u015fudur. \u00d6zellikle <strong>Milano gayrimenkul<\/strong> yat\u0131r\u0131mlar\u0131 gibi stratejik se\u00e7eneklerde sundu\u011fu uzmanl\u0131k yat\u0131r\u0131mc\u0131lar\u0131n Avrupa\u2019da sa\u011flam bir ad\u0131m atmas\u0131n\u0131 m\u00fcmk\u00fcn k\u0131lmaktad\u0131r.<\/p><p><strong>Global Perspektif ile Ki\u015fiye \u00d6zel Yat\u0131r\u0131m Planlar\u0131<\/strong><\/p><p>Her yat\u0131r\u0131mc\u0131n\u0131n hedefi, b\u00fct\u00e7esi ve beklentisi farkl\u0131d\u0131r. Bu nedenle standart \u00e7\u00f6z\u00fcmler yerine ki\u015fiye \u00f6zel stratejiler geli\u015ftirmek b\u00fcy\u00fck \u00f6nem ta\u015f\u0131r. Global Perspektif yat\u0131r\u0131mc\u0131 ile yap\u0131lan detayl\u0131 g\u00f6r\u00fc\u015fmeler sonucunda ihtiya\u00e7lar\u0131 net bir \u015fekilde analiz eder ve en uygun yat\u0131r\u0131m plan\u0131n\u0131 olu\u015fturur. Bu s\u00fcre\u00e7te yaln\u0131zca gayrimenkul de\u011fil menkul k\u0131ymetler, d\u00fczenli gelir programlar\u0131 ve \u00f6\u011frenci ya\u015fam \u00e7\u00f6z\u00fcmleri gibi farkl\u0131 alternatifler de de\u011ferlendirilir.<\/p><p>\u00d6zellikle <strong>Milano gayrimenkul<\/strong> yat\u0131r\u0131m\u0131 Avrupa\u2019da hem ya\u015fam hem de yat\u0131r\u0131m a\u00e7\u0131s\u0131ndan b\u00fcy\u00fck avantajlar sunan se\u00e7eneklerden biridir. Milano \u0130talya\u2019n\u0131n finans ve moda merkezi olmas\u0131yla birlikte y\u00fcksek kira getirisi ve de\u011fer art\u0131\u015f\u0131 potansiyeli ile \u00f6ne \u00e7\u0131kar. Global Perspektif bu pazardaki geni\u015f a\u011f\u0131 sayesinde yat\u0131r\u0131mc\u0131lara en do\u011fru f\u0131rsatlar\u0131 sunar ve s\u00fcrecin her a\u015famas\u0131n\u0131 profesyonel bir \u015fekilde y\u00f6netir.<\/p><p><strong>B\u00fcrokratik S\u00fcre\u00e7lerde Tam Destek ve G\u00fcven<\/strong><\/p><p>Yurtd\u0131\u015f\u0131nda yat\u0131r\u0131m yapman\u0131n en zorlay\u0131c\u0131 taraflar\u0131ndan biri karma\u015f\u0131k ve zaman al\u0131c\u0131 b\u00fcrokratik s\u00fcre\u00e7lerdir. Oturum kart\u0131 ba\u015fvurular\u0131, resmi evrak i\u015flemleri, hukuki prosed\u00fcrler ve yerel y\u00f6netmelikler yat\u0131r\u0131mc\u0131lar i\u00e7in olduk\u00e7a yorucu olabilir. Global Perspektif t\u00fcm bu s\u00fcreci yat\u0131r\u0131mc\u0131 ad\u0131na \u00fcstlenerek b\u00fcy\u00fck bir kolayl\u0131k sa\u011flar.<\/p><p>Ba\u015fvuru s\u00fcrecinin ba\u015f\u0131ndan sonuna kadar t\u00fcm detaylar titizlikle takip edilir. Programlardaki g\u00fcncellemeler yak\u0131ndan izlenir ve yat\u0131r\u0131mc\u0131ya d\u00fczenli olarak bilgi aktar\u0131l\u0131r. B\u00f6ylece yat\u0131r\u0131mc\u0131 sadece karar a\u015famas\u0131nda rol al\u0131rken operasyonel s\u00fcre\u00e7lerin tamam\u0131 uzman ekip taraf\u0131ndan y\u00fcr\u00fct\u00fcl\u00fcr. \u00d6zellikle <strong>Milano gayrimenkul<\/strong> yat\u0131r\u0131mlar\u0131nda yerel mevzuat ve sat\u0131n alma prosed\u00fcrleri konusunda sa\u011flanan destek s\u00fcrecin sorunsuz ilerlemesini sa\u011flar.<\/p><p><strong>Avrupa\u2019da G\u00fc\u00e7l\u00fc A\u011f ve G\u00fcncel Pazar Bilgisi<\/strong><\/p><p>Global Perspektif\u2019in en b\u00fcy\u00fck avantajlar\u0131ndan biri Avrupa genelinde sahip oldu\u011fu g\u00fc\u00e7l\u00fc i\u015f a\u011f\u0131d\u0131r. Portekiz, \u0130talya, Macaristan, \u0130spanya ve Yunanistan ba\u015fta olmak \u00fczere bir\u00e7ok \u00fclkede aktif ba\u011flant\u0131lara sahip olan Global Perspektif yat\u0131r\u0131mc\u0131lara en g\u00fcncel ve do\u011fru bilgileri sunar. Bu sayede yat\u0131r\u0131mc\u0131lar sadece bug\u00fcn\u00fc de\u011fil gelece\u011fi de planlayarak hareket edebilir.<\/p><p>\u0130talya \u00f6zelinde bak\u0131ld\u0131\u011f\u0131nda <strong>Milano gayrimenkul<\/strong> piyasas\u0131 hem yerel hem de uluslararas\u0131 yat\u0131r\u0131mc\u0131lar i\u00e7in olduk\u00e7a cazip bir konumda yer al\u0131r. Milano\u2019nun i\u015f d\u00fcnyas\u0131ndaki dinamizmi, turizm potansiyeli ve y\u00fcksek ya\u015fam kalitesi gayrimenkul yat\u0131r\u0131mlar\u0131n\u0131 de\u011ferli k\u0131lan ba\u015fl\u0131ca unsurlard\u0131r. Global Perspektif bu pazar\u0131 yak\u0131ndan takip ederek yat\u0131r\u0131mc\u0131lar\u0131na en do\u011fru lokasyonlar\u0131 ve projeleri sunar.<\/p><p>Ayr\u0131ca Avrupa\u2019daki farkl\u0131 oturum ve vatanda\u015fl\u0131k programlar\u0131 s\u00fcrekli olarak de\u011fi\u015fmekte ve g\u00fcncellenmektedir. Bu nedenle do\u011fru bilgiye h\u0131zl\u0131 eri\u015fim b\u00fcy\u00fck \u00f6nem ta\u015f\u0131r. Global Perspektif bu de\u011fi\u015fimleri yak\u0131ndan takip ederek yat\u0131r\u0131mc\u0131lar\u0131n\u0131 her zaman bir ad\u0131m \u00f6nde tutar. B\u00f6ylece yat\u0131r\u0131m kararlar\u0131 daha bilin\u00e7li ve g\u00fcvenli bir \u015fekilde al\u0131n\u0131r.<\/p><p><strong>Yat\u0131r\u0131m Sonras\u0131 S\u00fcre\u00e7te S\u00fcrekli Destek<\/strong><\/p><p>Yat\u0131r\u0131m yapmak s\u00fcrecin yaln\u0131zca ba\u015flang\u0131c\u0131d\u0131r. As\u0131l \u00f6nemli olan yat\u0131r\u0131m sonras\u0131nda sa\u011flanan destek ve s\u00fcrd\u00fcr\u00fclebilirliktir. Global Perspektif yat\u0131r\u0131m tamamland\u0131ktan sonra da m\u00fc\u015fterilerinin yan\u0131nda olmaya devam eder. Oturum izinlerinin yenilenmesi, gayrimenkul y\u00f6netimi, kira s\u00fcre\u00e7leri ve yerel adaptasyon gibi konularda da kapsaml\u0131 hizmetler sunar.<\/p><p>\u00d6zellikle <strong>Milano gayrimenkul<\/strong> yat\u0131r\u0131m\u0131 yapan ki\u015filer i\u00e7in m\u00fclk y\u00f6netimi ve kiralama s\u00fcre\u00e7leri b\u00fcy\u00fck \u00f6nem ta\u015f\u0131r. Do\u011fru y\u00f6netilmeyen bir yat\u0131r\u0131m beklenen getiriyi sa\u011flamayabilir. Bu noktada Global Perspektif profesyonel yakla\u015f\u0131m\u0131yla yat\u0131r\u0131m\u0131n de\u011ferini korur ve art\u0131r\u0131r. Yat\u0131r\u0131mc\u0131lar\u0131n Avrupa\u2019daki ya\u015fam s\u00fcre\u00e7lerine uyum sa\u011flamas\u0131 i\u00e7in gerekli t\u00fcm dan\u0131\u015fmanl\u0131k hizmetleri eksiksiz olarak sunulur.<\/p><p>Global Perspektif ayr\u0131ca dijital g\u00f6\u00e7ebe programlar\u0131 konusunda da uzmanla\u015fm\u0131\u015f bir kurulu\u015ftur. G\u00fcn\u00fcm\u00fczde bir\u00e7ok ki\u015fi lokasyondan ba\u011f\u0131ms\u0131z \u00e7al\u0131\u015fma f\u0131rsatlar\u0131n\u0131 de\u011ferlendirerek farkl\u0131 \u00fclkelerde ya\u015famay\u0131 tercih etmektedir. Bu kapsamda sunulan \u00e7\u00f6z\u00fcmler yat\u0131r\u0131mc\u0131lar\u0131n hem i\u015f hem de ya\u015fam dengelerini en iyi \u015fekilde kurmalar\u0131na yard\u0131mc\u0131 olur.<\/p><p>Yurtd\u0131\u015f\u0131nda yat\u0131r\u0131m yoluyla oturum izni veya vatanda\u015fl\u0131k elde etmek isteyenler i\u00e7in do\u011fru partner ile \u00e7al\u0131\u015fmak b\u00fcy\u00fck fark yarat\u0131r. Global Perspektif sundu\u011fu ki\u015fiye \u00f6zel \u00e7\u00f6z\u00fcmler g\u00fc\u00e7l\u00fc uluslararas\u0131 a\u011f\u0131 ve profesyonel hizmet anlay\u0131\u015f\u0131 ile yat\u0131r\u0131mc\u0131lar\u0131n g\u00fcvenle tercih edebilece\u011fi bir dan\u0131\u015fmanl\u0131k firmas\u0131d\u0131r. \u00d6zellikle <strong>Milano gayrimenkul<\/strong> yat\u0131r\u0131mlar\u0131 gibi stratejik alanlarda sundu\u011fu uzmanl\u0131k Avrupa\u2019da yeni bir ya\u015fam kurmak isteyenler i\u00e7in \u00f6nemli bir f\u0131rsat sunmaktad\u0131r.<\/p>\t\t\t\t\t\t\t\t<\/div>\n\t\t\t\t<\/div>\n\t\t\t\t\t<\/div>\n\t\t\t\t<\/div>\n\t\t\t\t<section class=\"elementor-section elementor-top-section elementor-element elementor-element-686ae87 elementor-section-full_width elementor-section-height-default elementor-section-height-default sc_fly_static\" data-id=\"686ae87\" data-element_type=\"section\">\n\t\t\t\t\t\t<div class=\"elementor-container elementor-column-gap-no\">\n\t\t\t\t\t<div class=\"elementor-column elementor-col-100 elementor-top-column elementor-element elementor-element-ba69855 sc_inner_width_none sc_content_align_inherit sc_layouts_column_icons_position_left sc_fly_static\" data-id=\"ba69855\" data-element_type=\"column\">\n\t\t\t<div class=\"elementor-widget-wrap elementor-element-populated\">\n\t\t\t\t\t\t<div class=\"elementor-element elementor-element-7495514 sc_height_medium sc_fly_static elementor-widget elementor-widget-spacer\" data-id=\"7495514\" data-element_type=\"widget\" data-widget_type=\"spacer.default\">\n\t\t\t\t<div class=\"elementor-widget-container\">\n\t\t\t\t\t\t\t<div class=\"elementor-spacer\">\n\t\t\t<div class=\"elementor-spacer-inner\"><\/div>\n\t\t<\/div>\n\t\t\t\t\t\t<\/div>\n\t\t\t\t<\/div>\n\t\t\t\t<div class=\"elementor-element elementor-element-950b80b elementor-widget__width-initial elementor-widget-tablet__width-initial elementor-absolute sc_fly_static elementor-widget elementor-widget-image\" data-id=\"950b80b\" data-element_type=\"widget\" data-settings=\"{&quot;_position&quot;:&quot;absolute&quot;}\" data-widget_type=\"image.default\">\n\t\t\t\t<div class=\"elementor-widget-container\">\n\t\t\t\t\t\t\t\t\t\t\t\t\t\t\t<img decoding=\"async\" width=\"301\" height=\"115\" src=\"https:\/\/globalperspektif.com\/wp-content\/uploads\/2024\/02\/h1-left-vector.svg\" class=\"attachment-full size-full wp-image-25309\" alt=\"\" \/>\t\t\t\t\t\t\t\t\t\t\t\t\t\t\t<\/div>\n\t\t\t\t<\/div>\n\t\t\t\t<section class=\"elementor-section elementor-inner-section elementor-element elementor-element-395cb3b elementor-section-boxed elementor-section-height-default elementor-section-height-default sc_fly_static\" data-id=\"395cb3b\" data-element_type=\"section\">\n\t\t\t\t\t\t<div class=\"elementor-container elementor-column-gap-extended\">\n\t\t\t\t\t<div class=\"elementor-column elementor-col-100 elementor-inner-column elementor-element elementor-element-c004dad sc_inner_width_none sc_content_align_inherit sc_layouts_column_icons_position_left sc_fly_static\" data-id=\"c004dad\" data-element_type=\"column\">\n\t\t\t<div class=\"elementor-widget-wrap elementor-element-populated\">\n\t\t\t\t\t\t<div class=\"elementor-element elementor-element-a66adeb animation_type_block sc_fly_static elementor-invisible elementor-widget elementor-widget-trx_sc_title\" data-id=\"a66adeb\" data-element_type=\"widget\" data-settings=\"{&quot;_animation&quot;:&quot;beautique-fadeinup&quot;}\" data-widget_type=\"trx_sc_title.default\">\n\t\t\t\t<div class=\"elementor-widget-container\">\n\t\t\t\t\t<div\t\tclass=\"sc_title sc_title_default\" ><h1 class=\"sc_item_title sc_title_title sc_align_center sc_item_title_style_default sc_item_title_tag\"\n\t\t\t><span class=\"sc_item_title_text\">Current News<\/span><\/h1><\/div>\t\t\t\t<\/div>\n\t\t\t\t<\/div>\n\t\t\t\t<div class=\"elementor-element elementor-element-61e7060 sc_height_small sc_fly_static elementor-widget elementor-widget-spacer\" data-id=\"61e7060\" data-element_type=\"widget\" data-widget_type=\"spacer.default\">\n\t\t\t\t<div class=\"elementor-widget-container\">\n\t\t\t\t\t\t\t<div class=\"elementor-spacer\">\n\t\t\t<div class=\"elementor-spacer-inner\"><\/div>\n\t\t<\/div>\n\t\t\t\t\t\t<\/div>\n\t\t\t\t<\/div>\n\t\t\t\t<div class=\"elementor-element elementor-element-f4eb7a6 sc_style_default animation_type_block sc_fly_static elementor-invisible elementor-widget elementor-widget-trx_sc_blogger\" data-id=\"f4eb7a6\" data-element_type=\"widget\" data-settings=\"{&quot;_animation&quot;:&quot;beautique-fadeinup&quot;}\" data-widget_type=\"trx_sc_blogger.default\">\n\t\t\t\t<div class=\"elementor-widget-container\">\n\t\t\t\t\t<div \t\tclass=\"sc_blogger sc_blogger_classic-masonry sc_blogger_classic-masonry_default sc_item_filters_tabs_none alignnone\" ><div  class=\"sc_blogger_slider sc_item_slider slider_swiper_outer slider_outer slider_outer_nocontrols slider_outer_pagination slider_outer_pagination_bullets slider_outer_pagination_pos_bottom slider_outer_nocentered slider_outer_overflow_hidden slider_outer_multi\">\n\t<div  data-slides-per-view-breakpoints=\"{&quot;999999&quot;:2}\" class=\"slider_container swiper-slider-container slider_swiper slider_noresize slider_nocontrols slider_pagination slider_pagination_bullets slider_pagination_pos_bottom slider_nocentered slider_overflow_hidden slider_multi\" data-slides-per-view=\"2\" data-slides-space=\"30\" data-effect=\"slide\" data-slides-min-width=\"220\" data-pagination=\"bullets\" data-direction=\"horizontal\" data-mouse-wheel=\"0\" data-autoplay=\"1\" data-loop=\"1\" data-free-mode=\"0\" data-slides-centered=\"0\" data-slides-overflow=\"0\">\n\t\t<div class=\"slides slider-wrapper swiper-wrapper sc_item_columns_2\"><div class=\"slider-slide swiper-slide\"><article id=\"post-31919\" data-post-id=\"31919\"\n\tclass=\"post_item post_item_container post_format_standard post_layout_classic post_layout_classic_2 post_layout_classic-masonry post_layout_classic-masonry_2 post-31919 post type-post status-publish format-standard has-post-thumbnail hentry category-blog tag-italya-vize tag-italya-vizesi\">\n\t<div class=\"post_featured with_thumb hover_link\"><img fetchpriority=\"high\" decoding=\"async\" width=\"410\" height=\"273\" src=\"https:\/\/globalperspektif.com\/wp-content\/uploads\/2026\/02\/italya-vize-nedir-nasil-yapilir-1-1-410x273.jpg\" class=\"attachment-beautique-thumb-masonry size-beautique-thumb-masonry wp-post-image\" alt=\"\" srcset=\"https:\/\/globalperspektif.com\/wp-content\/uploads\/2026\/02\/italya-vize-nedir-nasil-yapilir-1-1-410x273.jpg 410w, https:\/\/globalperspektif.com\/wp-content\/uploads\/2026\/02\/italya-vize-nedir-nasil-yapilir-1-1-300x200.jpg 300w, https:\/\/globalperspektif.com\/wp-content\/uploads\/2026\/02\/italya-vize-nedir-nasil-yapilir-1-1-1024x683.jpg 1024w, https:\/\/globalperspektif.com\/wp-content\/uploads\/2026\/02\/italya-vize-nedir-nasil-yapilir-1-1-768x512.jpg 768w, https:\/\/globalperspektif.com\/wp-content\/uploads\/2026\/02\/italya-vize-nedir-nasil-yapilir-1-1-18x12.jpg 18w, https:\/\/globalperspektif.com\/wp-content\/uploads\/2026\/02\/italya-vize-nedir-nasil-yapilir-1-1-370x247.jpg 370w, https:\/\/globalperspektif.com\/wp-content\/uploads\/2026\/02\/italya-vize-nedir-nasil-yapilir-1-1-840x560.jpg 840w, https:\/\/globalperspektif.com\/wp-content\/uploads\/2026\/02\/italya-vize-nedir-nasil-yapilir-1-1.jpg 1500w\" sizes=\"(max-width: 600px) 100vw, 410px\" \/>\t\t\t\t\t\t<div class=\"mask\"><\/div>\n\t\t\t\t\t\t\t\t\t<a href=\"https:\/\/globalperspektif.com\/en\/italya-vize-nedir-nasil-yapilir\/\"  aria-hidden=\"true\" class=\"link\"><\/a>\n\t\t\t<\/div>\t\t<div class=\"post_header entry-header\">\n\t\t\t<div class=\"post_meta\"><span class=\"post_meta_item post_categories cat_sep\"><a href=\"https:\/\/globalperspektif.com\/en\/kategori\/blog\/\" rel=\"category tag\">Blog<\/a><\/span><span class=\"post_meta_item post_date\"><a href=\"https:\/\/globalperspektif.com\/en\/italya-vize-nedir-nasil-yapilir\/\">13 February 2026<\/a><\/span><\/div><h4 class=\"post_title entry-title\"><a href=\"https:\/\/globalperspektif.com\/en\/italya-vize-nedir-nasil-yapilir\/\" rel=\"bookmark\">\u0130talya Vize Nedir? Nas\u0131l Yap\u0131l\u0131r?<\/a><\/h4>\t\t<\/div><!-- .entry-header -->\n\t\t\n<\/article><\/div><div class=\"slider-slide swiper-slide\"><article id=\"post-31916\" data-post-id=\"31916\"\n\tclass=\"post_item post_item_container post_format_standard post_layout_classic post_layout_classic_2 post_layout_classic-masonry post_layout_classic-masonry_2 post-31916 post type-post status-publish format-standard has-post-thumbnail hentry category-blog tag-italya-vize-ve-oturma-izni tag-italyada-oturma-izni tag-italyada-vize-ve-oturma-izni\">\n\t<div class=\"post_featured with_thumb hover_link\"><img decoding=\"async\" width=\"410\" height=\"273\" src=\"https:\/\/globalperspektif.com\/wp-content\/uploads\/2026\/02\/italyada-vize-ve-oturma-izni-nasil-alinir-1-1-410x273.jpg\" class=\"attachment-beautique-thumb-masonry size-beautique-thumb-masonry wp-post-image\" alt=\"\" srcset=\"https:\/\/globalperspektif.com\/wp-content\/uploads\/2026\/02\/italyada-vize-ve-oturma-izni-nasil-alinir-1-1-410x273.jpg 410w, https:\/\/globalperspektif.com\/wp-content\/uploads\/2026\/02\/italyada-vize-ve-oturma-izni-nasil-alinir-1-1-300x200.jpg 300w, https:\/\/globalperspektif.com\/wp-content\/uploads\/2026\/02\/italyada-vize-ve-oturma-izni-nasil-alinir-1-1-1024x683.jpg 1024w, https:\/\/globalperspektif.com\/wp-content\/uploads\/2026\/02\/italyada-vize-ve-oturma-izni-nasil-alinir-1-1-768x512.jpg 768w, https:\/\/globalperspektif.com\/wp-content\/uploads\/2026\/02\/italyada-vize-ve-oturma-izni-nasil-alinir-1-1-18x12.jpg 18w, https:\/\/globalperspektif.com\/wp-content\/uploads\/2026\/02\/italyada-vize-ve-oturma-izni-nasil-alinir-1-1-370x247.jpg 370w, https:\/\/globalperspektif.com\/wp-content\/uploads\/2026\/02\/italyada-vize-ve-oturma-izni-nasil-alinir-1-1-840x560.jpg 840w, https:\/\/globalperspektif.com\/wp-content\/uploads\/2026\/02\/italyada-vize-ve-oturma-izni-nasil-alinir-1-1.jpg 1500w\" sizes=\"(max-width: 600px) 100vw, 410px\" \/>\t\t\t\t\t\t<div class=\"mask\"><\/div>\n\t\t\t\t\t\t\t\t\t<a href=\"https:\/\/globalperspektif.com\/en\/italyada-vize-ve-oturma-izni-nasil-alinir\/\"  aria-hidden=\"true\" class=\"link\"><\/a>\n\t\t\t<\/div>\t\t<div class=\"post_header entry-header\">\n\t\t\t<div class=\"post_meta\"><span class=\"post_meta_item post_categories cat_sep\"><a href=\"https:\/\/globalperspektif.com\/en\/kategori\/blog\/\" rel=\"category tag\">Blog<\/a><\/span><span class=\"post_meta_item post_date\"><a href=\"https:\/\/globalperspektif.com\/en\/italyada-vize-ve-oturma-izni-nasil-alinir\/\">11 February 2026<\/a><\/span><\/div><h4 class=\"post_title entry-title\"><a href=\"https:\/\/globalperspektif.com\/en\/italyada-vize-ve-oturma-izni-nasil-alinir\/\" rel=\"bookmark\">\u0130talya\u2019da Vize Ve Oturma \u0130zni Nas\u0131l Al\u0131n\u0131r?<\/a><\/h4>\t\t<\/div><!-- .entry-header -->\n\t\t\n<\/article><\/div><div class=\"slider-slide swiper-slide\"><article id=\"post-31915\" data-post-id=\"31915\"\n\tclass=\"post_item post_item_container post_format_standard post_layout_classic post_layout_classic_2 post_layout_classic-masonry post_layout_classic-masonry_2 post-31915 post type-post status-publish format-standard has-post-thumbnail hentry category-blog tag-avrupa-ulkesi-vatandasi tag-avrupa-ulkesi-vatandasi-olmak\">\n\t<div class=\"post_featured with_thumb hover_link\"><img loading=\"lazy\" decoding=\"async\" width=\"410\" height=\"274\" src=\"https:\/\/globalperspektif.com\/wp-content\/uploads\/2026\/02\/avrupa-ulkesi-vatandasi-nasil-olunur-1-1-410x274.jpg\" class=\"attachment-beautique-thumb-masonry size-beautique-thumb-masonry wp-post-image\" alt=\"\" srcset=\"https:\/\/globalperspektif.com\/wp-content\/uploads\/2026\/02\/avrupa-ulkesi-vatandasi-nasil-olunur-1-1-410x274.jpg 410w, https:\/\/globalperspektif.com\/wp-content\/uploads\/2026\/02\/avrupa-ulkesi-vatandasi-nasil-olunur-1-1-300x200.jpg 300w, https:\/\/globalperspektif.com\/wp-content\/uploads\/2026\/02\/avrupa-ulkesi-vatandasi-nasil-olunur-1-1-1024x683.jpg 1024w, https:\/\/globalperspektif.com\/wp-content\/uploads\/2026\/02\/avrupa-ulkesi-vatandasi-nasil-olunur-1-1-768x513.jpg 768w, https:\/\/globalperspektif.com\/wp-content\/uploads\/2026\/02\/avrupa-ulkesi-vatandasi-nasil-olunur-1-1-18x12.jpg 18w, https:\/\/globalperspektif.com\/wp-content\/uploads\/2026\/02\/avrupa-ulkesi-vatandasi-nasil-olunur-1-1-370x247.jpg 370w, https:\/\/globalperspektif.com\/wp-content\/uploads\/2026\/02\/avrupa-ulkesi-vatandasi-nasil-olunur-1-1-840x561.jpg 840w, https:\/\/globalperspektif.com\/wp-content\/uploads\/2026\/02\/avrupa-ulkesi-vatandasi-nasil-olunur-1-1.jpg 1500w\" sizes=\"(max-width: 600px) 100vw, 410px\" \/>\t\t\t\t\t\t<div class=\"mask\"><\/div>\n\t\t\t\t\t\t\t\t\t<a href=\"https:\/\/globalperspektif.com\/en\/avrupa-ulkesi-vatandasi-nasil-olunur\/\"  aria-hidden=\"true\" class=\"link\"><\/a>\n\t\t\t<\/div>\t\t<div class=\"post_header entry-header\">\n\t\t\t<div class=\"post_meta\"><span class=\"post_meta_item post_categories cat_sep\"><a href=\"https:\/\/globalperspektif.com\/en\/kategori\/blog\/\" rel=\"category tag\">Blog<\/a><\/span><span class=\"post_meta_item post_date\"><a href=\"https:\/\/globalperspektif.com\/en\/avrupa-ulkesi-vatandasi-nasil-olunur\/\">9 February 2026<\/a><\/span><\/div><h4 class=\"post_title entry-title\"><a href=\"https:\/\/globalperspektif.com\/en\/avrupa-ulkesi-vatandasi-nasil-olunur\/\" rel=\"bookmark\">Avrupa \u00dclkesi Vatanda\u015f\u0131 Nas\u0131l Olunur?<\/a><\/h4>\t\t<\/div><!-- .entry-header -->\n\t\t\n<\/article><\/div><div class=\"slider-slide swiper-slide\"><article id=\"post-31914\" data-post-id=\"31914\"\n\tclass=\"post_item post_item_container post_format_standard post_layout_classic post_layout_classic_2 post_layout_classic-masonry post_layout_classic-masonry_2 post-31914 post type-post status-publish format-standard has-post-thumbnail hentry category-blog tag-yunanistan-vize tag-yunanistan-vizesi\">\n\t<div class=\"post_featured with_thumb hover_link\"><img loading=\"lazy\" decoding=\"async\" width=\"410\" height=\"269\" src=\"https:\/\/globalperspektif.com\/wp-content\/uploads\/2026\/02\/yunanistan-vizesi-nedir-nasil-alinir-1-1-410x269.jpg\" class=\"attachment-beautique-thumb-masonry size-beautique-thumb-masonry wp-post-image\" alt=\"\" srcset=\"https:\/\/globalperspektif.com\/wp-content\/uploads\/2026\/02\/yunanistan-vizesi-nedir-nasil-alinir-1-1-410x269.jpg 410w, https:\/\/globalperspektif.com\/wp-content\/uploads\/2026\/02\/yunanistan-vizesi-nedir-nasil-alinir-1-1-300x197.jpg 300w, https:\/\/globalperspektif.com\/wp-content\/uploads\/2026\/02\/yunanistan-vizesi-nedir-nasil-alinir-1-1-1024x673.jpg 1024w, https:\/\/globalperspektif.com\/wp-content\/uploads\/2026\/02\/yunanistan-vizesi-nedir-nasil-alinir-1-1-768x505.jpg 768w, https:\/\/globalperspektif.com\/wp-content\/uploads\/2026\/02\/yunanistan-vizesi-nedir-nasil-alinir-1-1-18x12.jpg 18w, https:\/\/globalperspektif.com\/wp-content\/uploads\/2026\/02\/yunanistan-vizesi-nedir-nasil-alinir-1-1-370x243.jpg 370w, https:\/\/globalperspektif.com\/wp-content\/uploads\/2026\/02\/yunanistan-vizesi-nedir-nasil-alinir-1-1-840x552.jpg 840w, https:\/\/globalperspektif.com\/wp-content\/uploads\/2026\/02\/yunanistan-vizesi-nedir-nasil-alinir-1-1.jpg 1522w\" sizes=\"(max-width: 600px) 100vw, 410px\" \/>\t\t\t\t\t\t<div class=\"mask\"><\/div>\n\t\t\t\t\t\t\t\t\t<a href=\"https:\/\/globalperspektif.com\/en\/yunanistan-vizesi-nedir-nasil-alinir\/\"  aria-hidden=\"true\" class=\"link\"><\/a>\n\t\t\t<\/div>\t\t<div class=\"post_header entry-header\">\n\t\t\t<div class=\"post_meta\"><span class=\"post_meta_item post_categories cat_sep\"><a href=\"https:\/\/globalperspektif.com\/en\/kategori\/blog\/\" rel=\"category tag\">Blog<\/a><\/span><span class=\"post_meta_item post_date\"><a href=\"https:\/\/globalperspektif.com\/en\/yunanistan-vizesi-nedir-nasil-alinir\/\">7 February 2026<\/a><\/span><\/div><h4 class=\"post_title entry-title\"><a href=\"https:\/\/globalperspektif.com\/en\/yunanistan-vizesi-nedir-nasil-alinir\/\" rel=\"bookmark\">Yunanistan Vizesi Nedir? Nas\u0131l Al\u0131n\u0131r?<\/a><\/h4>\t\t<\/div><!-- .entry-header -->\n\t\t\n<\/article><\/div><div class=\"slider-slide swiper-slide\"><article id=\"post-31913\" data-post-id=\"31913\"\n\tclass=\"post_item post_item_container post_format_standard post_layout_classic post_layout_classic_2 post_layout_classic-masonry post_layout_classic-masonry_2 post-31913 post type-post status-publish format-standard has-post-thumbnail hentry category-blog tag-golden-visa tag-yunanistan-golden-visa\">\n\t<div class=\"post_featured with_thumb hover_link\"><img loading=\"lazy\" decoding=\"async\" width=\"410\" height=\"308\" src=\"https:\/\/globalperspektif.com\/wp-content\/uploads\/2026\/02\/yunanistan-golden-visa-nedir-sartlari-nelerdir-1-1-410x308.jpg\" class=\"attachment-beautique-thumb-masonry size-beautique-thumb-masonry wp-post-image\" alt=\"\" srcset=\"https:\/\/globalperspektif.com\/wp-content\/uploads\/2026\/02\/yunanistan-golden-visa-nedir-sartlari-nelerdir-1-1-410x308.jpg 410w, https:\/\/globalperspektif.com\/wp-content\/uploads\/2026\/02\/yunanistan-golden-visa-nedir-sartlari-nelerdir-1-1-300x225.jpg 300w, https:\/\/globalperspektif.com\/wp-content\/uploads\/2026\/02\/yunanistan-golden-visa-nedir-sartlari-nelerdir-1-1-1024x768.jpg 1024w, https:\/\/globalperspektif.com\/wp-content\/uploads\/2026\/02\/yunanistan-golden-visa-nedir-sartlari-nelerdir-1-1-768x576.jpg 768w, https:\/\/globalperspektif.com\/wp-content\/uploads\/2026\/02\/yunanistan-golden-visa-nedir-sartlari-nelerdir-1-1-16x12.jpg 16w, https:\/\/globalperspektif.com\/wp-content\/uploads\/2026\/02\/yunanistan-golden-visa-nedir-sartlari-nelerdir-1-1-370x278.jpg 370w, https:\/\/globalperspektif.com\/wp-content\/uploads\/2026\/02\/yunanistan-golden-visa-nedir-sartlari-nelerdir-1-1-840x630.jpg 840w, https:\/\/globalperspektif.com\/wp-content\/uploads\/2026\/02\/yunanistan-golden-visa-nedir-sartlari-nelerdir-1-1.jpg 1500w\" sizes=\"(max-width: 600px) 100vw, 410px\" \/>\t\t\t\t\t\t<div class=\"mask\"><\/div>\n\t\t\t\t\t\t\t\t\t<a href=\"https:\/\/globalperspektif.com\/en\/yunanistan-golden-visa-nedir-sartlari-nelerdir\/\"  aria-hidden=\"true\" class=\"link\"><\/a>\n\t\t\t<\/div>\t\t<div class=\"post_header entry-header\">\n\t\t\t<div class=\"post_meta\"><span class=\"post_meta_item post_categories cat_sep\"><a href=\"https:\/\/globalperspektif.com\/en\/kategori\/blog\/\" rel=\"category tag\">Blog<\/a><\/span><span class=\"post_meta_item post_date\"><a href=\"https:\/\/globalperspektif.com\/en\/yunanistan-golden-visa-nedir-sartlari-nelerdir\/\">5 February 2026<\/a><\/span><\/div><h4 class=\"post_title entry-title\"><a href=\"https:\/\/globalperspektif.com\/en\/yunanistan-golden-visa-nedir-sartlari-nelerdir\/\" rel=\"bookmark\">Yunanistan Golden Visa Nedir? \u015eartlar\u0131 Nelerdir?<\/a><\/h4>\t\t<\/div><!-- .entry-header -->\n\t\t\n<\/article><\/div><\/div><\/div><div class=\"slider_pagination_wrap swiper-pagination\"><\/div><\/div><\/div>\t\t\t\t<\/div>\n\t\t\t\t<\/div>\n\t\t\t\t\t<\/div>\n\t\t<\/div>\n\t\t\t\t\t<\/div>\n\t\t<\/section>\n\t\t\t\t<div class=\"elementor-element elementor-element-3af2dd5 sc_height_large sc_fly_static elementor-widget elementor-widget-spacer\" data-id=\"3af2dd5\" data-element_type=\"widget\" data-widget_type=\"spacer.default\">\n\t\t\t\t<div class=\"elementor-widget-container\">\n\t\t\t\t\t\t\t<div class=\"elementor-spacer\">\n\t\t\t<div class=\"elementor-spacer-inner\"><\/div>\n\t\t<\/div>\n\t\t\t\t\t\t<\/div>\n\t\t\t\t<\/div>\n\t\t\t\t<div class=\"elementor-element elementor-element-29c17fc elementor-widget__width-initial elementor-widget-tablet__width-initial elementor-absolute sc_fly_static elementor-widget elementor-widget-image\" data-id=\"29c17fc\" data-element_type=\"widget\" data-settings=\"{&quot;_position&quot;:&quot;absolute&quot;}\" data-widget_type=\"image.default\">\n\t\t\t\t<div class=\"elementor-widget-container\">\n\t\t\t\t\t\t\t\t\t\t\t\t\t\t\t<img loading=\"lazy\" decoding=\"async\" width=\"301\" height=\"90\" src=\"https:\/\/globalperspektif.com\/wp-content\/uploads\/2024\/02\/h1-right-vector.svg\" class=\"attachment-full size-full wp-image-25308\" alt=\"\" \/>\t\t\t\t\t\t\t\t\t\t\t\t\t\t\t<\/div>\n\t\t\t\t<\/div>\n\t\t\t\t\t<\/div>\n\t\t<\/div>\n\t\t\t\t\t<\/div>\n\t\t<\/section>\n\t\t\t\t<\/div>","protected":false},"excerpt":{"rendered":"<p>You can click to review the program now and get more detailed information. <\/p>","protected":false},"author":1,"featured_media":31718,"comment_status":"closed","ping_status":"closed","template":"","cpt_services_group":[221],"class_list":["post-31947","cpt_services","type-cpt_services","status-publish","has-post-thumbnail","hentry","cpt_services_group-diger"],"_links":{"self":[{"href":"https:\/\/globalperspektif.com\/en\/wp-json\/wp\/v2\/cpt_services\/31947","targetHints":{"allow":["GET"]}}],"collection":[{"href":"https:\/\/globalperspektif.com\/en\/wp-json\/wp\/v2\/cpt_services"}],"about":[{"href":"https:\/\/globalperspektif.com\/en\/wp-json\/wp\/v2\/types\/cpt_services"}],"author":[{"embeddable":true,"href":"https:\/\/globalperspektif.com\/en\/wp-json\/wp\/v2\/users\/1"}],"replies":[{"embeddable":true,"href":"https:\/\/globalperspektif.com\/en\/wp-json\/wp\/v2\/comments?post=31947"}],"version-history":[{"count":6,"href":"https:\/\/globalperspektif.com\/en\/wp-json\/wp\/v2\/cpt_services\/31947\/revisions"}],"predecessor-version":[{"id":31991,"href":"https:\/\/globalperspektif.com\/en\/wp-json\/wp\/v2\/cpt_services\/31947\/revisions\/31991"}],"wp:featuredmedia":[{"embeddable":true,"href":"https:\/\/globalperspektif.com\/en\/wp-json\/wp\/v2\/media\/31718"}],"wp:attachment":[{"href":"https:\/\/globalperspektif.com\/en\/wp-json\/wp\/v2\/media?parent=31947"}],"wp:term":[{"taxonomy":"cpt_services_group","embeddable":true,"href":"https:\/\/globalperspektif.com\/en\/wp-json\/wp\/v2\/cpt_services_group?post=31947"}],"curies":[{"name":"wp","href":"https:\/\/api.w.org\/{rel}","templated":true}]}}