{"id":31950,"date":"2026-04-20T22:04:42","date_gmt":"2026-04-20T19:04:42","guid":{"rendered":"https:\/\/globalperspektif.com\/?post_type=cpt_services&#038;p=31950"},"modified":"2026-04-23T22:53:13","modified_gmt":"2026-04-23T19:53:13","slug":"ispanya-emeklilik","status":"publish","type":"cpt_services","link":"https:\/\/globalperspektif.com\/en\/diger\/ispanya-emeklilik\/","title":{"rendered":"\u0130spanya Emeklilik"},"content":{"rendered":"<div data-elementor-type=\"wp-post\" data-elementor-id=\"31950\" class=\"elementor elementor-31950\">\n\t\t\t\t<div class=\"elementor-element elementor-element-12c3da6c e-flex e-con-boxed sc_inner_width_none sc_layouts_column_icons_position_left e-con e-parent\" data-id=\"12c3da6c\" data-element_type=\"container\">\n\t\t\t\t\t<div class=\"e-con-inner\">\n\t\t\t\t<div class=\"elementor-element elementor-element-73746564 sc_fly_static elementor-widget elementor-widget-text-editor\" data-id=\"73746564\" data-element_type=\"widget\" data-widget_type=\"text-editor.default\">\n\t\t\t\t<div class=\"elementor-widget-container\">\n\t\t\t\t\t\t\t\t\t<h3>\u0130spanya Emeklilik<\/h3><p>Yurt d\u0131\u015f\u0131nda yeni bir ya\u015fam kurma fikri \u00f6zellikle emeklilik d\u00f6nemine yakla\u015fan ya da bu d\u00f6nemi daha kaliteli ge\u00e7irmek isteyen bireyler i\u00e7in her ge\u00e7en g\u00fcn daha cazip hale geliyor. Avrupa\u2019n\u0131n sundu\u011fu ya\u015fam standartlar\u0131, sa\u011fl\u0131k hizmetleri ve sosyal imkanlar yat\u0131r\u0131m yoluyla oturum izni ve vatanda\u015fl\u0131k programlar\u0131n\u0131 \u00f6ne \u00e7\u0131kar\u0131yor.<\/p><p>Bu noktada <strong>\u0130spanya emeklilik<\/strong> s\u00fcreci hem ya\u015fam kalitesi hem de iklim avantajlar\u0131yla dikkat \u00e7eken en pop\u00fcler se\u00e7eneklerden biri olarak \u00f6ne \u00e7\u0131k\u0131yor. T\u00fcm bu s\u00fcrecin do\u011fru planlanmas\u0131 ve eksiksiz y\u00fcr\u00fct\u00fclmesi ise profesyonel bir dan\u0131\u015fmanl\u0131k gerektiriyor. \u0130\u015fte burada Global Perspektif yat\u0131r\u0131mc\u0131lar\u0131n hayat\u0131n\u0131 kolayla\u015ft\u0131ran g\u00fc\u00e7l\u00fc bir \u00e7\u00f6z\u00fcm orta\u011f\u0131 olarak devreye giriyor.<\/p><p><strong>Global Perspektif ile Ki\u015fiye \u00d6zel Yat\u0131r\u0131m ve Oturum Planlamas\u0131<\/strong><\/p><p>Global Perspektif yurtd\u0131\u015f\u0131nda yat\u0131r\u0131m yoluyla oturum izni ya da vatanda\u015fl\u0131k elde etmek isteyen bireyler i\u00e7in tamamen ki\u015fiye \u00f6zel \u00e7\u00f6z\u00fcmler sunan bir dan\u0131\u015fmanl\u0131k kurulu\u015fudur. Her yat\u0131r\u0131mc\u0131n\u0131n beklentisi, b\u00fct\u00e7esi ve ya\u015fam hedefleri farkl\u0131d\u0131r. Bu nedenle standart \u00e7\u00f6z\u00fcmler yerine bireysel analizler do\u011frultusunda \u015fekillenen stratejiler geli\u015ftirilir. \u00d6zellikle <strong>\u0130spanya emeklilik<\/strong> plan\u0131 olu\u015fturulurken, yat\u0131r\u0131mc\u0131n\u0131n gelir durumu ya\u015fam tarz\u0131 beklentisi ve uzun vadeli hedefleri detayl\u0131 \u015fekilde de\u011ferlendirilir.<\/p><p>Bu yakla\u015f\u0131m sayesinde yat\u0131r\u0131mc\u0131lar yaln\u0131zca bir oturum izni almakla kalmaz ayn\u0131 zamanda hayatlar\u0131n\u0131n yeni d\u00f6nemini daha planl\u0131 ve g\u00fcvenli bir \u015fekilde in\u015fa eder. Global Perspektif ilk g\u00f6r\u00fc\u015fmeden itibaren s\u00fcrecin t\u00fcm detaylar\u0131n\u0131 \u015feffaf bir \u015fekilde aktar\u0131r ve yat\u0131r\u0131mc\u0131ya en uygun se\u00e7enekleri sunar. Onay s\u00fcrecinin ard\u0131ndan ise t\u00fcm operasyonel y\u00fck\u00fc \u00fcstlenerek yat\u0131r\u0131mc\u0131n\u0131n zaman ve enerji kayb\u0131n\u0131 minimuma indirir.<\/p><p><strong>\u0130spanya Emeklilik S\u00fcrecinde Profesyonel Y\u00f6netim<\/strong><\/p><p>Yurt d\u0131\u015f\u0131nda oturum izni almak \u00f6zellikle b\u00fcrokratik s\u00fcre\u00e7ler a\u00e7\u0131s\u0131ndan olduk\u00e7a karma\u015f\u0131k olabilir. Belgelerin haz\u0131rlanmas\u0131, ba\u015fvurular\u0131n yap\u0131lmas\u0131, yasal s\u00fcre\u00e7lerin takip edilmesi ve g\u00fcncel de\u011fi\u015fikliklerin izlenmesi ciddi bir uzmanl\u0131k gerektirir. <strong>\u0130spanya emeklilik<\/strong> program\u0131 da bu anlamda dikkatli y\u00f6netilmesi gereken bir s\u00fcre\u00e7tir.<\/p><p>Global Perspektif t\u00fcm bu a\u015famalar\u0131 yat\u0131r\u0131mc\u0131 ad\u0131na eksiksiz \u015fekilde y\u00fcr\u00fctmeyi taahh\u00fct eder. Ba\u015fvuru s\u00fcrecinin ba\u015f\u0131ndan sonuna kadar t\u00fcm evrak i\u015flemleri, resmi ba\u015fvurular ve takip s\u00fcre\u00e7leri profesyonel ekipler taraf\u0131ndan y\u00f6netilir. Ayn\u0131 zamanda programla ilgili geli\u015fmeler d\u00fczenli olarak yat\u0131r\u0131mc\u0131yla payla\u015f\u0131l\u0131r ve her a\u015famada bilgilendirme yap\u0131l\u0131r.<\/p><p>Bu yakla\u015f\u0131m yat\u0131r\u0131mc\u0131lar\u0131n s\u00fcreci uzaktan ve stressiz bir \u015fekilde y\u00f6netmesini sa\u011flar. \u00d6zellikle farkl\u0131 bir \u00fclkede yasal s\u00fcre\u00e7lerle u\u011fra\u015fmak istemeyen bireyler i\u00e7in bu hizmet b\u00fcy\u00fck bir avantaj sunar. Global Perspektif sadece bir dan\u0131\u015fman de\u011fil ayn\u0131 zamanda s\u00fcrecin t\u00fcm sorumlulu\u011funu \u00fcstlenen bir \u00e7\u00f6z\u00fcm orta\u011f\u0131d\u0131r.<\/p><p><strong>Avrupa\u2019da G\u00fc\u00e7l\u00fc A\u011f ve Geni\u015f Hizmet Yelpazesi<\/strong><\/p><p>Global Perspektif\u2019in en \u00f6nemli avantajlar\u0131ndan biri Avrupa genelinde sahip oldu\u011fu geni\u015f i\u015f a\u011f\u0131d\u0131r. \u0130spanya ba\u015fta olmak \u00fczere Portekiz, \u0130talya, Macaristan ve Yunanistan gibi \u00fclkelerde g\u00fc\u00e7l\u00fc ba\u011flant\u0131lara sahiptir. Bu sayede yat\u0131r\u0131mc\u0131lar farkl\u0131 \u00fclkelerdeki f\u0131rsatlar\u0131 kar\u015f\u0131la\u015ft\u0131rmal\u0131 olarak de\u011ferlendirme \u015fans\u0131na sahip olur.<\/p><p>\u00d6zellikle gayrimenkul yat\u0131r\u0131m\u0131 yoluyla oturum izni almak isteyenler i\u00e7in yerel piyasa bilgisi b\u00fcy\u00fck \u00f6nem ta\u015f\u0131r. Global Perspektif bulundu\u011fu \u00fclkelerdeki g\u00fcvenilir i\u015f ortaklar\u0131 sayesinde yat\u0131r\u0131mc\u0131ya en do\u011fru se\u00e7enekleri sunar. <strong>\u0130spanya emeklilik<\/strong> s\u00fcrecinde de bu avantaj a\u00e7\u0131k\u00e7a g\u00f6r\u00fcl\u00fcr. Yat\u0131r\u0131m yap\u0131lacak b\u00f6lgenin se\u00e7imi m\u00fclk\u00fcn de\u011feri ve gelecekteki potansiyeli gibi konular titizlikle analiz edilir.<\/p><p>Ayr\u0131ca sadece gayrimenkul yat\u0131r\u0131m\u0131 de\u011fil menkul k\u0131ymetler, d\u00fczenli gelirle oturum izinleri ve \u00f6\u011frenciler i\u00e7in bar\u0131nma \u00e7\u00f6z\u00fcmleri gibi farkl\u0131 alanlarda da hizmet sunulmaktad\u0131r. Bu \u00e7e\u015fitlilik yat\u0131r\u0131mc\u0131n\u0131n ihtiya\u00e7lar\u0131na g\u00f6re esnek \u00e7\u00f6z\u00fcmler geli\u015ftirilmesini m\u00fcmk\u00fcn k\u0131lar.<\/p><p><strong>Yeni Bir Ya\u015fam \u0130\u00e7in G\u00fcvenilir Rehber: Global Perspektif<\/strong><\/p><p>Yurtd\u0131\u015f\u0131nda emeklilik hayali kuran bireyler i\u00e7in en \u00f6nemli konulardan biri g\u00fcvenilir bir rehberle \u00e7al\u0131\u015fmakt\u0131r. <strong>\u0130spanya emeklilik<\/strong> plan\u0131 do\u011fru y\u00f6netildi\u011finde hem ya\u015fam kalitesini art\u0131ran hem de finansal a\u00e7\u0131dan avantaj sa\u011flayan bir f\u0131rsata d\u00f6n\u00fc\u015f\u00fcr. Ancak bu s\u00fcrecin yanl\u0131\u015f ad\u0131mlarla ilerlemesi zaman ve maddi kay\u0131plara yol a\u00e7abilir.<\/p><p>Global Perspektif yat\u0131r\u0131mc\u0131yla yapt\u0131\u011f\u0131 detayl\u0131 g\u00f6r\u00fc\u015fmeler sonucunda beklentileri netle\u015ftirir ve en uygun yol haritas\u0131n\u0131 olu\u015fturur. S\u00fcrecin her a\u015famas\u0131nda aktif rol alarak yat\u0131r\u0131mc\u0131n\u0131n yan\u0131nda olur. Bu yakla\u015f\u0131m sadece bir hizmet sunman\u0131n \u00f6tesinde uzun vadeli bir i\u015f birli\u011fi anlam\u0131na gelir.<\/p><p>Kurulu\u015fun dijital g\u00f6\u00e7ebe programlar\u0131 konusundaki uzmanl\u0131\u011f\u0131 da dikkat \u00e7ekicidir. G\u00fcn\u00fcm\u00fczde uzaktan \u00e7al\u0131\u015fma imkanlar\u0131n\u0131n artmas\u0131yla birlikte farkl\u0131 \u00fclkelerde ya\u015fama fikri daha eri\u015filebilir hale gelmi\u015ftir. Global Perspektif bu yeni ya\u015fam modeline uygun \u00e7\u00f6z\u00fcmler sunarak yat\u0131r\u0131mc\u0131lar\u0131n global d\u00fcnyaya daha kolay adapte olmas\u0131n\u0131 sa\u011flar.<\/p><p><strong>\u0130spanya emeklilik<\/strong> s\u00fcreci sadece bir oturum izni almak de\u011fil ayn\u0131 zamanda yeni bir ya\u015fam kurmak anlam\u0131na gelir. Bu yolculukta do\u011fru partnerle ilerlemek s\u00fcrecin ba\u015far\u0131s\u0131n\u0131 do\u011frudan etkiler. Global Perspektif deneyimi, geni\u015f a\u011f\u0131 ve \u00e7\u00f6z\u00fcm odakl\u0131 yakla\u015f\u0131m\u0131yla yat\u0131r\u0131mc\u0131lar\u0131n bu hedefe g\u00fcvenle ula\u015fmas\u0131n\u0131 sa\u011flayan g\u00fc\u00e7l\u00fc bir dan\u0131\u015fmanl\u0131k firmas\u0131d\u0131r.<\/p>\t\t\t\t\t\t\t\t<\/div>\n\t\t\t\t<\/div>\n\t\t\t\t\t<\/div>\n\t\t\t\t<\/div>\n\t\t\t\t<section class=\"elementor-section elementor-top-section elementor-element elementor-element-686ae87 elementor-section-full_width elementor-section-height-default elementor-section-height-default sc_fly_static\" data-id=\"686ae87\" data-element_type=\"section\">\n\t\t\t\t\t\t<div class=\"elementor-container elementor-column-gap-no\">\n\t\t\t\t\t<div class=\"elementor-column elementor-col-100 elementor-top-column elementor-element elementor-element-ba69855 sc_inner_width_none sc_content_align_inherit sc_layouts_column_icons_position_left sc_fly_static\" data-id=\"ba69855\" data-element_type=\"column\">\n\t\t\t<div class=\"elementor-widget-wrap elementor-element-populated\">\n\t\t\t\t\t\t<div class=\"elementor-element elementor-element-7495514 sc_height_medium sc_fly_static elementor-widget elementor-widget-spacer\" data-id=\"7495514\" data-element_type=\"widget\" data-widget_type=\"spacer.default\">\n\t\t\t\t<div class=\"elementor-widget-container\">\n\t\t\t\t\t\t\t<div class=\"elementor-spacer\">\n\t\t\t<div class=\"elementor-spacer-inner\"><\/div>\n\t\t<\/div>\n\t\t\t\t\t\t<\/div>\n\t\t\t\t<\/div>\n\t\t\t\t<div class=\"elementor-element elementor-element-950b80b elementor-widget__width-initial elementor-widget-tablet__width-initial elementor-absolute sc_fly_static elementor-widget elementor-widget-image\" data-id=\"950b80b\" data-element_type=\"widget\" data-settings=\"{&quot;_position&quot;:&quot;absolute&quot;}\" data-widget_type=\"image.default\">\n\t\t\t\t<div class=\"elementor-widget-container\">\n\t\t\t\t\t\t\t\t\t\t\t\t\t\t\t<img decoding=\"async\" width=\"301\" height=\"115\" src=\"https:\/\/globalperspektif.com\/wp-content\/uploads\/2024\/02\/h1-left-vector.svg\" class=\"attachment-full size-full wp-image-25309\" alt=\"\" \/>\t\t\t\t\t\t\t\t\t\t\t\t\t\t\t<\/div>\n\t\t\t\t<\/div>\n\t\t\t\t<section class=\"elementor-section elementor-inner-section elementor-element elementor-element-395cb3b elementor-section-boxed elementor-section-height-default elementor-section-height-default sc_fly_static\" data-id=\"395cb3b\" data-element_type=\"section\">\n\t\t\t\t\t\t<div class=\"elementor-container elementor-column-gap-extended\">\n\t\t\t\t\t<div class=\"elementor-column elementor-col-100 elementor-inner-column elementor-element elementor-element-c004dad sc_inner_width_none sc_content_align_inherit sc_layouts_column_icons_position_left sc_fly_static\" data-id=\"c004dad\" data-element_type=\"column\">\n\t\t\t<div class=\"elementor-widget-wrap elementor-element-populated\">\n\t\t\t\t\t\t<div class=\"elementor-element elementor-element-a66adeb animation_type_block sc_fly_static elementor-invisible elementor-widget elementor-widget-trx_sc_title\" data-id=\"a66adeb\" data-element_type=\"widget\" data-settings=\"{&quot;_animation&quot;:&quot;beautique-fadeinup&quot;}\" data-widget_type=\"trx_sc_title.default\">\n\t\t\t\t<div class=\"elementor-widget-container\">\n\t\t\t\t\t<div\t\tclass=\"sc_title sc_title_default\" ><h1 class=\"sc_item_title sc_title_title sc_align_center sc_item_title_style_default sc_item_title_tag\"\n\t\t\t><span class=\"sc_item_title_text\">Current News<\/span><\/h1><\/div>\t\t\t\t<\/div>\n\t\t\t\t<\/div>\n\t\t\t\t<div class=\"elementor-element elementor-element-61e7060 sc_height_small sc_fly_static elementor-widget elementor-widget-spacer\" data-id=\"61e7060\" data-element_type=\"widget\" data-widget_type=\"spacer.default\">\n\t\t\t\t<div class=\"elementor-widget-container\">\n\t\t\t\t\t\t\t<div class=\"elementor-spacer\">\n\t\t\t<div class=\"elementor-spacer-inner\"><\/div>\n\t\t<\/div>\n\t\t\t\t\t\t<\/div>\n\t\t\t\t<\/div>\n\t\t\t\t<div class=\"elementor-element elementor-element-f4eb7a6 sc_style_default animation_type_block sc_fly_static elementor-invisible elementor-widget elementor-widget-trx_sc_blogger\" data-id=\"f4eb7a6\" data-element_type=\"widget\" data-settings=\"{&quot;_animation&quot;:&quot;beautique-fadeinup&quot;}\" data-widget_type=\"trx_sc_blogger.default\">\n\t\t\t\t<div class=\"elementor-widget-container\">\n\t\t\t\t\t<div \t\tclass=\"sc_blogger sc_blogger_classic-masonry sc_blogger_classic-masonry_default sc_item_filters_tabs_none alignnone\" ><div  class=\"sc_blogger_slider sc_item_slider slider_swiper_outer slider_outer slider_outer_nocontrols slider_outer_pagination slider_outer_pagination_bullets slider_outer_pagination_pos_bottom slider_outer_nocentered slider_outer_overflow_hidden slider_outer_multi\">\n\t<div  data-slides-per-view-breakpoints=\"{&quot;999999&quot;:2}\" class=\"slider_container swiper-slider-container slider_swiper slider_noresize slider_nocontrols slider_pagination slider_pagination_bullets slider_pagination_pos_bottom slider_nocentered slider_overflow_hidden slider_multi\" data-slides-per-view=\"2\" data-slides-space=\"30\" data-effect=\"slide\" data-slides-min-width=\"220\" data-pagination=\"bullets\" data-direction=\"horizontal\" data-mouse-wheel=\"0\" data-autoplay=\"1\" data-loop=\"1\" data-free-mode=\"0\" data-slides-centered=\"0\" data-slides-overflow=\"0\">\n\t\t<div class=\"slides slider-wrapper swiper-wrapper sc_item_columns_2\"><div class=\"slider-slide swiper-slide\"><article id=\"post-31919\" data-post-id=\"31919\"\n\tclass=\"post_item post_item_container post_format_standard post_layout_classic post_layout_classic_2 post_layout_classic-masonry post_layout_classic-masonry_2 post-31919 post type-post status-publish format-standard has-post-thumbnail hentry category-blog tag-italya-vize tag-italya-vizesi\">\n\t<div class=\"post_featured with_thumb hover_link\"><img fetchpriority=\"high\" decoding=\"async\" width=\"410\" height=\"273\" src=\"https:\/\/globalperspektif.com\/wp-content\/uploads\/2026\/02\/italya-vize-nedir-nasil-yapilir-1-1-410x273.jpg\" class=\"attachment-beautique-thumb-masonry size-beautique-thumb-masonry wp-post-image\" alt=\"\" srcset=\"https:\/\/globalperspektif.com\/wp-content\/uploads\/2026\/02\/italya-vize-nedir-nasil-yapilir-1-1-410x273.jpg 410w, https:\/\/globalperspektif.com\/wp-content\/uploads\/2026\/02\/italya-vize-nedir-nasil-yapilir-1-1-300x200.jpg 300w, https:\/\/globalperspektif.com\/wp-content\/uploads\/2026\/02\/italya-vize-nedir-nasil-yapilir-1-1-1024x683.jpg 1024w, https:\/\/globalperspektif.com\/wp-content\/uploads\/2026\/02\/italya-vize-nedir-nasil-yapilir-1-1-768x512.jpg 768w, https:\/\/globalperspektif.com\/wp-content\/uploads\/2026\/02\/italya-vize-nedir-nasil-yapilir-1-1-18x12.jpg 18w, https:\/\/globalperspektif.com\/wp-content\/uploads\/2026\/02\/italya-vize-nedir-nasil-yapilir-1-1-370x247.jpg 370w, https:\/\/globalperspektif.com\/wp-content\/uploads\/2026\/02\/italya-vize-nedir-nasil-yapilir-1-1-840x560.jpg 840w, https:\/\/globalperspektif.com\/wp-content\/uploads\/2026\/02\/italya-vize-nedir-nasil-yapilir-1-1.jpg 1500w\" sizes=\"(max-width: 600px) 100vw, 410px\" \/>\t\t\t\t\t\t<div class=\"mask\"><\/div>\n\t\t\t\t\t\t\t\t\t<a href=\"https:\/\/globalperspektif.com\/en\/italya-vize-nedir-nasil-yapilir\/\"  aria-hidden=\"true\" class=\"link\"><\/a>\n\t\t\t<\/div>\t\t<div class=\"post_header entry-header\">\n\t\t\t<div class=\"post_meta\"><span class=\"post_meta_item post_categories cat_sep\"><a href=\"https:\/\/globalperspektif.com\/en\/kategori\/blog\/\" rel=\"category tag\">Blog<\/a><\/span><span class=\"post_meta_item post_date\"><a href=\"https:\/\/globalperspektif.com\/en\/italya-vize-nedir-nasil-yapilir\/\">13 February 2026<\/a><\/span><\/div><h4 class=\"post_title entry-title\"><a href=\"https:\/\/globalperspektif.com\/en\/italya-vize-nedir-nasil-yapilir\/\" rel=\"bookmark\">\u0130talya Vize Nedir? Nas\u0131l Yap\u0131l\u0131r?<\/a><\/h4>\t\t<\/div><!-- .entry-header -->\n\t\t\n<\/article><\/div><div class=\"slider-slide swiper-slide\"><article id=\"post-31916\" data-post-id=\"31916\"\n\tclass=\"post_item post_item_container post_format_standard post_layout_classic post_layout_classic_2 post_layout_classic-masonry post_layout_classic-masonry_2 post-31916 post type-post status-publish format-standard has-post-thumbnail hentry category-blog tag-italya-vize-ve-oturma-izni tag-italyada-oturma-izni tag-italyada-vize-ve-oturma-izni\">\n\t<div class=\"post_featured with_thumb hover_link\"><img decoding=\"async\" width=\"410\" height=\"273\" src=\"https:\/\/globalperspektif.com\/wp-content\/uploads\/2026\/02\/italyada-vize-ve-oturma-izni-nasil-alinir-1-1-410x273.jpg\" class=\"attachment-beautique-thumb-masonry size-beautique-thumb-masonry wp-post-image\" alt=\"\" srcset=\"https:\/\/globalperspektif.com\/wp-content\/uploads\/2026\/02\/italyada-vize-ve-oturma-izni-nasil-alinir-1-1-410x273.jpg 410w, https:\/\/globalperspektif.com\/wp-content\/uploads\/2026\/02\/italyada-vize-ve-oturma-izni-nasil-alinir-1-1-300x200.jpg 300w, https:\/\/globalperspektif.com\/wp-content\/uploads\/2026\/02\/italyada-vize-ve-oturma-izni-nasil-alinir-1-1-1024x683.jpg 1024w, https:\/\/globalperspektif.com\/wp-content\/uploads\/2026\/02\/italyada-vize-ve-oturma-izni-nasil-alinir-1-1-768x512.jpg 768w, https:\/\/globalperspektif.com\/wp-content\/uploads\/2026\/02\/italyada-vize-ve-oturma-izni-nasil-alinir-1-1-18x12.jpg 18w, https:\/\/globalperspektif.com\/wp-content\/uploads\/2026\/02\/italyada-vize-ve-oturma-izni-nasil-alinir-1-1-370x247.jpg 370w, https:\/\/globalperspektif.com\/wp-content\/uploads\/2026\/02\/italyada-vize-ve-oturma-izni-nasil-alinir-1-1-840x560.jpg 840w, https:\/\/globalperspektif.com\/wp-content\/uploads\/2026\/02\/italyada-vize-ve-oturma-izni-nasil-alinir-1-1.jpg 1500w\" sizes=\"(max-width: 600px) 100vw, 410px\" \/>\t\t\t\t\t\t<div class=\"mask\"><\/div>\n\t\t\t\t\t\t\t\t\t<a href=\"https:\/\/globalperspektif.com\/en\/italyada-vize-ve-oturma-izni-nasil-alinir\/\"  aria-hidden=\"true\" class=\"link\"><\/a>\n\t\t\t<\/div>\t\t<div class=\"post_header entry-header\">\n\t\t\t<div class=\"post_meta\"><span class=\"post_meta_item post_categories cat_sep\"><a href=\"https:\/\/globalperspektif.com\/en\/kategori\/blog\/\" rel=\"category tag\">Blog<\/a><\/span><span class=\"post_meta_item post_date\"><a href=\"https:\/\/globalperspektif.com\/en\/italyada-vize-ve-oturma-izni-nasil-alinir\/\">11 February 2026<\/a><\/span><\/div><h4 class=\"post_title entry-title\"><a href=\"https:\/\/globalperspektif.com\/en\/italyada-vize-ve-oturma-izni-nasil-alinir\/\" rel=\"bookmark\">\u0130talya\u2019da Vize Ve Oturma \u0130zni Nas\u0131l Al\u0131n\u0131r?<\/a><\/h4>\t\t<\/div><!-- .entry-header -->\n\t\t\n<\/article><\/div><div class=\"slider-slide swiper-slide\"><article id=\"post-31915\" data-post-id=\"31915\"\n\tclass=\"post_item post_item_container post_format_standard post_layout_classic post_layout_classic_2 post_layout_classic-masonry post_layout_classic-masonry_2 post-31915 post type-post status-publish format-standard has-post-thumbnail hentry category-blog tag-avrupa-ulkesi-vatandasi tag-avrupa-ulkesi-vatandasi-olmak\">\n\t<div class=\"post_featured with_thumb hover_link\"><img loading=\"lazy\" decoding=\"async\" width=\"410\" height=\"274\" src=\"https:\/\/globalperspektif.com\/wp-content\/uploads\/2026\/02\/avrupa-ulkesi-vatandasi-nasil-olunur-1-1-410x274.jpg\" class=\"attachment-beautique-thumb-masonry size-beautique-thumb-masonry wp-post-image\" alt=\"\" srcset=\"https:\/\/globalperspektif.com\/wp-content\/uploads\/2026\/02\/avrupa-ulkesi-vatandasi-nasil-olunur-1-1-410x274.jpg 410w, https:\/\/globalperspektif.com\/wp-content\/uploads\/2026\/02\/avrupa-ulkesi-vatandasi-nasil-olunur-1-1-300x200.jpg 300w, https:\/\/globalperspektif.com\/wp-content\/uploads\/2026\/02\/avrupa-ulkesi-vatandasi-nasil-olunur-1-1-1024x683.jpg 1024w, https:\/\/globalperspektif.com\/wp-content\/uploads\/2026\/02\/avrupa-ulkesi-vatandasi-nasil-olunur-1-1-768x513.jpg 768w, https:\/\/globalperspektif.com\/wp-content\/uploads\/2026\/02\/avrupa-ulkesi-vatandasi-nasil-olunur-1-1-18x12.jpg 18w, https:\/\/globalperspektif.com\/wp-content\/uploads\/2026\/02\/avrupa-ulkesi-vatandasi-nasil-olunur-1-1-370x247.jpg 370w, https:\/\/globalperspektif.com\/wp-content\/uploads\/2026\/02\/avrupa-ulkesi-vatandasi-nasil-olunur-1-1-840x561.jpg 840w, https:\/\/globalperspektif.com\/wp-content\/uploads\/2026\/02\/avrupa-ulkesi-vatandasi-nasil-olunur-1-1.jpg 1500w\" sizes=\"(max-width: 600px) 100vw, 410px\" \/>\t\t\t\t\t\t<div class=\"mask\"><\/div>\n\t\t\t\t\t\t\t\t\t<a href=\"https:\/\/globalperspektif.com\/en\/avrupa-ulkesi-vatandasi-nasil-olunur\/\"  aria-hidden=\"true\" class=\"link\"><\/a>\n\t\t\t<\/div>\t\t<div class=\"post_header entry-header\">\n\t\t\t<div class=\"post_meta\"><span class=\"post_meta_item post_categories cat_sep\"><a href=\"https:\/\/globalperspektif.com\/en\/kategori\/blog\/\" rel=\"category tag\">Blog<\/a><\/span><span class=\"post_meta_item post_date\"><a href=\"https:\/\/globalperspektif.com\/en\/avrupa-ulkesi-vatandasi-nasil-olunur\/\">9 February 2026<\/a><\/span><\/div><h4 class=\"post_title entry-title\"><a href=\"https:\/\/globalperspektif.com\/en\/avrupa-ulkesi-vatandasi-nasil-olunur\/\" rel=\"bookmark\">Avrupa \u00dclkesi Vatanda\u015f\u0131 Nas\u0131l Olunur?<\/a><\/h4>\t\t<\/div><!-- .entry-header -->\n\t\t\n<\/article><\/div><div class=\"slider-slide swiper-slide\"><article id=\"post-31914\" data-post-id=\"31914\"\n\tclass=\"post_item post_item_container post_format_standard post_layout_classic post_layout_classic_2 post_layout_classic-masonry post_layout_classic-masonry_2 post-31914 post type-post status-publish format-standard has-post-thumbnail hentry category-blog tag-yunanistan-vize tag-yunanistan-vizesi\">\n\t<div class=\"post_featured with_thumb hover_link\"><img loading=\"lazy\" decoding=\"async\" width=\"410\" height=\"269\" src=\"https:\/\/globalperspektif.com\/wp-content\/uploads\/2026\/02\/yunanistan-vizesi-nedir-nasil-alinir-1-1-410x269.jpg\" class=\"attachment-beautique-thumb-masonry size-beautique-thumb-masonry wp-post-image\" alt=\"\" srcset=\"https:\/\/globalperspektif.com\/wp-content\/uploads\/2026\/02\/yunanistan-vizesi-nedir-nasil-alinir-1-1-410x269.jpg 410w, https:\/\/globalperspektif.com\/wp-content\/uploads\/2026\/02\/yunanistan-vizesi-nedir-nasil-alinir-1-1-300x197.jpg 300w, https:\/\/globalperspektif.com\/wp-content\/uploads\/2026\/02\/yunanistan-vizesi-nedir-nasil-alinir-1-1-1024x673.jpg 1024w, https:\/\/globalperspektif.com\/wp-content\/uploads\/2026\/02\/yunanistan-vizesi-nedir-nasil-alinir-1-1-768x505.jpg 768w, https:\/\/globalperspektif.com\/wp-content\/uploads\/2026\/02\/yunanistan-vizesi-nedir-nasil-alinir-1-1-18x12.jpg 18w, https:\/\/globalperspektif.com\/wp-content\/uploads\/2026\/02\/yunanistan-vizesi-nedir-nasil-alinir-1-1-370x243.jpg 370w, https:\/\/globalperspektif.com\/wp-content\/uploads\/2026\/02\/yunanistan-vizesi-nedir-nasil-alinir-1-1-840x552.jpg 840w, https:\/\/globalperspektif.com\/wp-content\/uploads\/2026\/02\/yunanistan-vizesi-nedir-nasil-alinir-1-1.jpg 1522w\" sizes=\"(max-width: 600px) 100vw, 410px\" \/>\t\t\t\t\t\t<div class=\"mask\"><\/div>\n\t\t\t\t\t\t\t\t\t<a href=\"https:\/\/globalperspektif.com\/en\/yunanistan-vizesi-nedir-nasil-alinir\/\"  aria-hidden=\"true\" class=\"link\"><\/a>\n\t\t\t<\/div>\t\t<div class=\"post_header entry-header\">\n\t\t\t<div class=\"post_meta\"><span class=\"post_meta_item post_categories cat_sep\"><a href=\"https:\/\/globalperspektif.com\/en\/kategori\/blog\/\" rel=\"category tag\">Blog<\/a><\/span><span class=\"post_meta_item post_date\"><a href=\"https:\/\/globalperspektif.com\/en\/yunanistan-vizesi-nedir-nasil-alinir\/\">7 February 2026<\/a><\/span><\/div><h4 class=\"post_title entry-title\"><a href=\"https:\/\/globalperspektif.com\/en\/yunanistan-vizesi-nedir-nasil-alinir\/\" rel=\"bookmark\">Yunanistan Vizesi Nedir? Nas\u0131l Al\u0131n\u0131r?<\/a><\/h4>\t\t<\/div><!-- .entry-header -->\n\t\t\n<\/article><\/div><div class=\"slider-slide swiper-slide\"><article id=\"post-31913\" data-post-id=\"31913\"\n\tclass=\"post_item post_item_container post_format_standard post_layout_classic post_layout_classic_2 post_layout_classic-masonry post_layout_classic-masonry_2 post-31913 post type-post status-publish format-standard has-post-thumbnail hentry category-blog tag-golden-visa tag-yunanistan-golden-visa\">\n\t<div class=\"post_featured with_thumb hover_link\"><img loading=\"lazy\" decoding=\"async\" width=\"410\" height=\"308\" src=\"https:\/\/globalperspektif.com\/wp-content\/uploads\/2026\/02\/yunanistan-golden-visa-nedir-sartlari-nelerdir-1-1-410x308.jpg\" class=\"attachment-beautique-thumb-masonry size-beautique-thumb-masonry wp-post-image\" alt=\"\" srcset=\"https:\/\/globalperspektif.com\/wp-content\/uploads\/2026\/02\/yunanistan-golden-visa-nedir-sartlari-nelerdir-1-1-410x308.jpg 410w, https:\/\/globalperspektif.com\/wp-content\/uploads\/2026\/02\/yunanistan-golden-visa-nedir-sartlari-nelerdir-1-1-300x225.jpg 300w, https:\/\/globalperspektif.com\/wp-content\/uploads\/2026\/02\/yunanistan-golden-visa-nedir-sartlari-nelerdir-1-1-1024x768.jpg 1024w, https:\/\/globalperspektif.com\/wp-content\/uploads\/2026\/02\/yunanistan-golden-visa-nedir-sartlari-nelerdir-1-1-768x576.jpg 768w, https:\/\/globalperspektif.com\/wp-content\/uploads\/2026\/02\/yunanistan-golden-visa-nedir-sartlari-nelerdir-1-1-16x12.jpg 16w, https:\/\/globalperspektif.com\/wp-content\/uploads\/2026\/02\/yunanistan-golden-visa-nedir-sartlari-nelerdir-1-1-370x278.jpg 370w, https:\/\/globalperspektif.com\/wp-content\/uploads\/2026\/02\/yunanistan-golden-visa-nedir-sartlari-nelerdir-1-1-840x630.jpg 840w, https:\/\/globalperspektif.com\/wp-content\/uploads\/2026\/02\/yunanistan-golden-visa-nedir-sartlari-nelerdir-1-1.jpg 1500w\" sizes=\"(max-width: 600px) 100vw, 410px\" \/>\t\t\t\t\t\t<div class=\"mask\"><\/div>\n\t\t\t\t\t\t\t\t\t<a href=\"https:\/\/globalperspektif.com\/en\/yunanistan-golden-visa-nedir-sartlari-nelerdir\/\"  aria-hidden=\"true\" class=\"link\"><\/a>\n\t\t\t<\/div>\t\t<div class=\"post_header entry-header\">\n\t\t\t<div class=\"post_meta\"><span class=\"post_meta_item post_categories cat_sep\"><a href=\"https:\/\/globalperspektif.com\/en\/kategori\/blog\/\" rel=\"category tag\">Blog<\/a><\/span><span class=\"post_meta_item post_date\"><a href=\"https:\/\/globalperspektif.com\/en\/yunanistan-golden-visa-nedir-sartlari-nelerdir\/\">5 February 2026<\/a><\/span><\/div><h4 class=\"post_title entry-title\"><a href=\"https:\/\/globalperspektif.com\/en\/yunanistan-golden-visa-nedir-sartlari-nelerdir\/\" rel=\"bookmark\">Yunanistan Golden Visa Nedir? \u015eartlar\u0131 Nelerdir?<\/a><\/h4>\t\t<\/div><!-- .entry-header -->\n\t\t\n<\/article><\/div><\/div><\/div><div class=\"slider_pagination_wrap swiper-pagination\"><\/div><\/div><\/div>\t\t\t\t<\/div>\n\t\t\t\t<\/div>\n\t\t\t\t\t<\/div>\n\t\t<\/div>\n\t\t\t\t\t<\/div>\n\t\t<\/section>\n\t\t\t\t<div class=\"elementor-element elementor-element-3af2dd5 sc_height_large sc_fly_static elementor-widget elementor-widget-spacer\" data-id=\"3af2dd5\" data-element_type=\"widget\" data-widget_type=\"spacer.default\">\n\t\t\t\t<div class=\"elementor-widget-container\">\n\t\t\t\t\t\t\t<div class=\"elementor-spacer\">\n\t\t\t<div class=\"elementor-spacer-inner\"><\/div>\n\t\t<\/div>\n\t\t\t\t\t\t<\/div>\n\t\t\t\t<\/div>\n\t\t\t\t<div class=\"elementor-element elementor-element-29c17fc elementor-widget__width-initial elementor-widget-tablet__width-initial elementor-absolute sc_fly_static elementor-widget elementor-widget-image\" data-id=\"29c17fc\" data-element_type=\"widget\" data-settings=\"{&quot;_position&quot;:&quot;absolute&quot;}\" data-widget_type=\"image.default\">\n\t\t\t\t<div class=\"elementor-widget-container\">\n\t\t\t\t\t\t\t\t\t\t\t\t\t\t\t<img loading=\"lazy\" decoding=\"async\" width=\"301\" height=\"90\" src=\"https:\/\/globalperspektif.com\/wp-content\/uploads\/2024\/02\/h1-right-vector.svg\" class=\"attachment-full size-full wp-image-25308\" alt=\"\" \/>\t\t\t\t\t\t\t\t\t\t\t\t\t\t\t<\/div>\n\t\t\t\t<\/div>\n\t\t\t\t\t<\/div>\n\t\t<\/div>\n\t\t\t\t\t<\/div>\n\t\t<\/section>\n\t\t\t\t<\/div>","protected":false},"excerpt":{"rendered":"<p>You can click to review the program now and get more detailed information. <\/p>","protected":false},"author":1,"featured_media":30711,"comment_status":"closed","ping_status":"closed","template":"","cpt_services_group":[221],"class_list":["post-31950","cpt_services","type-cpt_services","status-publish","has-post-thumbnail","hentry","cpt_services_group-diger"],"_links":{"self":[{"href":"https:\/\/globalperspektif.com\/en\/wp-json\/wp\/v2\/cpt_services\/31950","targetHints":{"allow":["GET"]}}],"collection":[{"href":"https:\/\/globalperspektif.com\/en\/wp-json\/wp\/v2\/cpt_services"}],"about":[{"href":"https:\/\/globalperspektif.com\/en\/wp-json\/wp\/v2\/types\/cpt_services"}],"author":[{"embeddable":true,"href":"https:\/\/globalperspektif.com\/en\/wp-json\/wp\/v2\/users\/1"}],"replies":[{"embeddable":true,"href":"https:\/\/globalperspektif.com\/en\/wp-json\/wp\/v2\/comments?post=31950"}],"version-history":[{"count":6,"href":"https:\/\/globalperspektif.com\/en\/wp-json\/wp\/v2\/cpt_services\/31950\/revisions"}],"predecessor-version":[{"id":31990,"href":"https:\/\/globalperspektif.com\/en\/wp-json\/wp\/v2\/cpt_services\/31950\/revisions\/31990"}],"wp:featuredmedia":[{"embeddable":true,"href":"https:\/\/globalperspektif.com\/en\/wp-json\/wp\/v2\/media\/30711"}],"wp:attachment":[{"href":"https:\/\/globalperspektif.com\/en\/wp-json\/wp\/v2\/media?parent=31950"}],"wp:term":[{"taxonomy":"cpt_services_group","embeddable":true,"href":"https:\/\/globalperspektif.com\/en\/wp-json\/wp\/v2\/cpt_services_group?post=31950"}],"curies":[{"name":"wp","href":"https:\/\/api.w.org\/{rel}","templated":true}]}}