{"id":31951,"date":"2026-04-20T22:03:50","date_gmt":"2026-04-20T19:03:50","guid":{"rendered":"https:\/\/globalperspektif.com\/?post_type=cpt_services&#038;p=31951"},"modified":"2026-04-23T22:52:58","modified_gmt":"2026-04-23T19:52:58","slug":"milano-gayrimenkul-satin-al","status":"publish","type":"cpt_services","link":"https:\/\/globalperspektif.com\/en\/diger\/milano-gayrimenkul-satin-al\/","title":{"rendered":"Milano Gayrimenkul Sat\u0131n Al"},"content":{"rendered":"<div data-elementor-type=\"wp-post\" data-elementor-id=\"31951\" class=\"elementor elementor-31951\">\n\t\t\t\t<div class=\"elementor-element elementor-element-12c3da6c e-flex e-con-boxed sc_inner_width_none sc_layouts_column_icons_position_left e-con e-parent\" data-id=\"12c3da6c\" data-element_type=\"container\">\n\t\t\t\t\t<div class=\"e-con-inner\">\n\t\t\t\t<div class=\"elementor-element elementor-element-73746564 sc_fly_static elementor-widget elementor-widget-text-editor\" data-id=\"73746564\" data-element_type=\"widget\" data-widget_type=\"text-editor.default\">\n\t\t\t\t<div class=\"elementor-widget-container\">\n\t\t\t\t\t\t\t\t\t<h3>Milano Gayrimenkul Sat\u0131n Al<\/h3><p>Yurtd\u0131\u015f\u0131nda yat\u0131r\u0131m yaparak oturum izni veya vatanda\u015fl\u0131k elde etmek isteyen yat\u0131r\u0131mc\u0131lar i\u00e7in do\u011fru y\u00f6nlendirme ve g\u00fcvenilir dan\u0131\u015fmanl\u0131k s\u00fcrecin en kritik noktalar\u0131ndan biridir. \u00d6zellikle Avrupa\u2019n\u0131n en g\u00f6zde \u015fehirlerinden biri olan Milano\u2019da yat\u0131r\u0131m yapmak hem ya\u015fam kalitesi hem de finansal kazan\u00e7 a\u00e7\u0131s\u0131ndan b\u00fcy\u00fck f\u0131rsatlar sunar.<\/p><p>Global Perspektif yat\u0131r\u0131mc\u0131lar\u0131na sundu\u011fu kapsaml\u0131 hizmetlerle s\u00fcreci ba\u015ftan sona profesyonel \u015fekilde y\u00f6neterek fark yaratmaktad\u0131r. \u00d6zellikle <strong>Milano gayrimenkul sat\u0131n al<\/strong> hedefi olan yat\u0131r\u0131mc\u0131lar i\u00e7in ki\u015fiye \u00f6zel \u00e7\u00f6z\u00fcmler sunan Global Perspektif Avrupa\u2019daki g\u00fc\u00e7l\u00fc a\u011f\u0131 sayesinde g\u00fcvenli ve s\u00fcrd\u00fcr\u00fclebilir yat\u0131r\u0131mlar\u0131n \u00f6n\u00fcn\u00fc a\u00e7maktad\u0131r.<\/p><p><strong>Global Perspektif ile Ki\u015fiye \u00d6zel Yat\u0131r\u0131m Stratejileri<\/strong><\/p><p>Global Perspektif yurtd\u0131\u015f\u0131nda yat\u0131r\u0131m yapmay\u0131 d\u00fc\u015f\u00fcnen bireylerin ihtiya\u00e7lar\u0131n\u0131 analiz ederek tamamen ki\u015fiye \u00f6zel planlar olu\u015fturur. Her yat\u0131r\u0131mc\u0131n\u0131n beklentisi, b\u00fct\u00e7esi ve hedefi farkl\u0131d\u0131r. Bu nedenle standart \u00e7\u00f6z\u00fcmler yerine detayl\u0131 analizler sonucunda en uygun yat\u0131r\u0131m se\u00e7enekleri belirlenir. \u00d6zellikle \u0130talya\u2019n\u0131n finans ve moda ba\u015fkenti olan Milano y\u00fcksek kira getirisi ve de\u011fer art\u0131\u015f\u0131 potansiyeli ile \u00f6ne \u00e7\u0131kmaktad\u0131r.<\/p><p><strong>Milano gayrimenkul sat\u0131n al<\/strong> s\u00fcrecine giren yat\u0131r\u0131mc\u0131lar i\u00e7in do\u011fru lokasyon se\u00e7imi m\u00fclk\u00fcn gelecekteki de\u011feri ve yasal s\u00fcre\u00e7lerin do\u011fru y\u00f6netimi b\u00fcy\u00fck \u00f6nem ta\u015f\u0131r. Global Perspektif bu s\u00fcreci yaln\u0131zca dan\u0131\u015fmanl\u0131k seviyesinde b\u0131rakmaz yat\u0131r\u0131mc\u0131n\u0131n ad\u0131na t\u00fcm s\u00fcreci y\u00f6neterek zaman ve risk kayb\u0131n\u0131 ortadan kald\u0131r\u0131r. B\u00f6ylece yat\u0131r\u0131mc\u0131lar karma\u015f\u0131k prosed\u00fcrlerle u\u011fra\u015fmadan do\u011frudan sonu\u00e7 odakl\u0131 bir deneyim ya\u015far.<\/p><p>Ayr\u0131ca Global Perspektif yaln\u0131zca gayrimenkul yat\u0131r\u0131m\u0131yla s\u0131n\u0131rl\u0131 kalmay\u0131p menkul k\u0131ymetler d\u00fczenli gelir programlar\u0131 ve \u00f6\u011frenci konaklama \u00e7\u00f6z\u00fcmleri gibi farkl\u0131 alanlarda da hizmet sunar. Bu \u00e7e\u015fitlilik yat\u0131r\u0131mc\u0131ya geni\u015f bir perspektif kazand\u0131r\u0131rken risk da\u011f\u0131l\u0131m\u0131 a\u00e7\u0131s\u0131ndan da \u00f6nemli avantaj sa\u011flar.<\/p><p><strong>Milano\u2019da Gayrimenkul Yat\u0131r\u0131m\u0131n\u0131n Avantajlar\u0131<\/strong><\/p><p>Milano Avrupa\u2019n\u0131n en g\u00fc\u00e7l\u00fc ekonomik merkezlerinden biri olarak yat\u0131r\u0131mc\u0131lar i\u00e7in cazibesini her ge\u00e7en g\u00fcn art\u0131rmaktad\u0131r. \u015eehir uluslararas\u0131 \u015firketlerin merkezlerine ev sahipli\u011fi yaparken ayn\u0131 zamanda turizm, e\u011fitim ve moda alan\u0131nda da b\u00fcy\u00fck bir hareketlili\u011fe sahiptir. Bu durum gayrimenkul yat\u0131r\u0131mlar\u0131n\u0131n s\u00fcrekli de\u011fer kazanmas\u0131n\u0131 sa\u011flar.<\/p><p><strong>Milano gayrimenkul sat\u0131n al<\/strong> karar\u0131 yaln\u0131zca bir m\u00fclk edinmek anlam\u0131na gelmez; ayn\u0131 zamanda Avrupa\u2019da g\u00fc\u00e7l\u00fc bir finansal pozisyon elde etmek demektir. Milano\u2019daki gayrimenkuller y\u00fcksek kira getirisi ve d\u00fc\u015f\u00fck bo\u015fluk oranlar\u0131 sayesinde yat\u0131r\u0131mc\u0131ya d\u00fczenli gelir sunar. \u00d6zellikle merkezi lokasyonlarda yap\u0131lan yat\u0131r\u0131mlar k\u0131sa s\u00fcrede kendini amorti edebilecek potansiyele sahiptir.<\/p><p>Global Perspektif Milano\u2019daki geni\u015f i\u015f ortaklar\u0131 a\u011f\u0131 sayesinde yat\u0131r\u0131mc\u0131lara en do\u011fru f\u0131rsatlar\u0131 sunar. Piyasa analizi, lokasyon de\u011ferlendirmesi ve yat\u0131r\u0131m geri d\u00f6n\u00fc\u015f hesaplamalar\u0131 profesyonel ekipler taraf\u0131ndan detayl\u0131 \u015fekilde yap\u0131l\u0131r. Bu sayede yat\u0131r\u0131mc\u0131lar yaln\u0131zca bug\u00fcn\u00fc de\u011fil gelece\u011fi de planlayarak hareket eder.<\/p><p><strong>B\u00fcrokratik S\u00fcre\u00e7lerde Profesyonel Y\u00f6netim<\/strong><\/p><p>Yurtd\u0131\u015f\u0131nda yat\u0131r\u0131m yapman\u0131n en zorlay\u0131c\u0131 k\u0131sm\u0131 \u00e7o\u011fu zaman b\u00fcrokratik i\u015flemlerdir. Oturum izni ba\u015fvurular\u0131, tapu i\u015flemleri, vergi s\u00fcre\u00e7leri ve resmi belgeler uzmanl\u0131k gerektiren konular aras\u0131nda yer al\u0131r. Global Perspektif yat\u0131r\u0131mc\u0131 ad\u0131na t\u00fcm bu s\u00fcre\u00e7leri eksiksiz \u015fekilde y\u00f6neterek b\u00fcy\u00fck bir kolayl\u0131k sa\u011flar.<\/p><p><strong>Milano gayrimenkul sat\u0131n al<\/strong> s\u00fcrecinde yat\u0131r\u0131mc\u0131lar\u0131n kar\u015f\u0131la\u015fabilece\u011fi t\u00fcm resmi prosed\u00fcrler firma taraf\u0131ndan titizlikle takip edilir. Evrak haz\u0131rl\u0131\u011f\u0131ndan ba\u015fvuru s\u00fcre\u00e7lerine kadar her ad\u0131m profesyonel ekipler taraf\u0131ndan y\u00fcr\u00fct\u00fcl\u00fcr. Bu yakla\u015f\u0131m yat\u0131r\u0131mc\u0131lar\u0131n hata yapma riskini minimize ederken s\u00fcrecin h\u0131zlanmas\u0131n\u0131 da sa\u011flar.<\/p><p>Global Perspektif ayr\u0131ca programlarla ilgili t\u00fcm g\u00fcncel geli\u015fmeleri takip ederek yat\u0131r\u0131mc\u0131lar\u0131na d\u00fczenli bilgi ak\u0131\u015f\u0131 sa\u011flar. B\u00f6ylece yat\u0131r\u0131mc\u0131lar de\u011fi\u015fen yasal d\u00fczenlemeler veya f\u0131rsatlar hakk\u0131nda an\u0131nda bilgi sahibi olur. Bu \u015feffaf ve proaktif yakla\u015f\u0131m firman\u0131n g\u00fcvenilirli\u011fini art\u0131ran en \u00f6nemli unsurlardan biridir.<\/p><p><strong>Avrupa\u2019da G\u00fc\u00e7l\u00fc A\u011f ve Uzmanl\u0131k<\/strong><\/p><p>Global Perspektif\u2019in en b\u00fcy\u00fck avantajlar\u0131ndan biri Avrupa genelinde sahip oldu\u011fu geni\u015f i\u015f a\u011f\u0131d\u0131r. \u00d6zellikle Portekiz, \u0130talya, Macaristan, \u0130spanya ve Yunanistan gibi \u00fclkelerde g\u00fc\u00e7l\u00fc ba\u011flant\u0131lara sahip olan Global Perspektif yat\u0131r\u0131mc\u0131lar\u0131na en do\u011fru f\u0131rsatlar\u0131 sunar. Bu a\u011f sayesinde yaln\u0131zca mevcut f\u0131rsatlar de\u011fil ayn\u0131 zamanda hen\u00fcz piyasaya \u00e7\u0131kmam\u0131\u015f \u00f6zel yat\u0131r\u0131mlar da yat\u0131r\u0131mc\u0131lara sunulabilir.<\/p><p><strong>Milano gayrimenkul sat\u0131n al<\/strong> hedefi do\u011frultusunda hareket eden yat\u0131r\u0131mc\u0131lar i\u00e7in bu a\u011f b\u00fcy\u00fck bir avantaj sa\u011flar. Yerel uzmanlarla kurulan i\u015f birlikleri yat\u0131r\u0131m s\u00fcrecinin daha h\u0131zl\u0131 ve g\u00fcvenli ilerlemesine katk\u0131 sa\u011flar. Ayn\u0131 zamanda yat\u0131r\u0131mc\u0131lar b\u00f6lgesel dinamikleri daha iyi anlayarak bilin\u00e7li kararlar verebilir.<\/p><p>Global Perspektif yat\u0131r\u0131m yoluyla vatanda\u015fl\u0131k ve dijital g\u00f6\u00e7ebe programlar\u0131 konusunda da uzmanla\u015fm\u0131\u015ft\u0131r. G\u00fcn\u00fcm\u00fczde bir\u00e7ok ki\u015fi yaln\u0131zca yat\u0131r\u0131m yapmakla kalmay\u0131p ayn\u0131 zamanda ya\u015fam tarz\u0131n\u0131 de\u011fi\u015ftirmek istemektedir. Global Perspektif bu noktada yat\u0131r\u0131mc\u0131lar\u0131n hem finansal hem de ya\u015fam hedeflerini bir arada de\u011ferlendirerek b\u00fct\u00fcnc\u00fcl \u00e7\u00f6z\u00fcmler sunar.<\/p><p><strong>Milano\u2019da Yat\u0131r\u0131m\u0131n Do\u011fru Adresi<\/strong><\/p><p>Yurtd\u0131\u015f\u0131nda yat\u0131r\u0131m yapmak do\u011fru rehberlik olmadan riskli ve karma\u015f\u0131k bir s\u00fcre\u00e7 haline gelebilir. Ancak Global Perspektif sundu\u011fu profesyonel hizmetlerle bu s\u00fcreci g\u00fcvenli, h\u0131zl\u0131 ve verimli bir deneyime d\u00f6n\u00fc\u015ft\u00fcrmektedir. \u00d6zellikle <strong>Milano gayrimenkul sat\u0131n al<\/strong> isteyen yat\u0131r\u0131mc\u0131lar i\u00e7in Global Perspektif hem do\u011fru yat\u0131r\u0131m f\u0131rsatlar\u0131n\u0131 sunmakta hem de t\u00fcm b\u00fcrokratik s\u00fcreci eksiksiz \u015fekilde y\u00f6netmektedir.<\/p><p>Milano\u2019nun sundu\u011fu y\u00fcksek kazan\u00e7 potansiyeli ve ya\u015fam kalitesi bu \u015fehri yat\u0131r\u0131m a\u00e7\u0131s\u0131ndan vazge\u00e7ilmez k\u0131lmaktad\u0131r. Global Perspektif ise bu f\u0131rsatlar\u0131 en do\u011fru \u015fekilde de\u011ferlendirmenizi sa\u011flayan g\u00fcvenilir bir i\u015f orta\u011f\u0131d\u0131r. E\u011fer siz de Avrupa\u2019da g\u00fc\u00e7l\u00fc bir yat\u0131r\u0131m yapmak ve gelece\u011finizi g\u00fcvence alt\u0131na almak istiyorsan\u0131z <strong>Milano gayrimenkul sat\u0131n al<\/strong> s\u00fcrecinde do\u011fru ad\u0131m\u0131 atmak i\u00e7in Global Perspektif\u2019in uzmanl\u0131\u011f\u0131ndan faydalanabilirsiniz.<\/p>\t\t\t\t\t\t\t\t<\/div>\n\t\t\t\t<\/div>\n\t\t\t\t\t<\/div>\n\t\t\t\t<\/div>\n\t\t\t\t<section class=\"elementor-section elementor-top-section elementor-element elementor-element-686ae87 elementor-section-full_width elementor-section-height-default elementor-section-height-default sc_fly_static\" data-id=\"686ae87\" data-element_type=\"section\">\n\t\t\t\t\t\t<div class=\"elementor-container elementor-column-gap-no\">\n\t\t\t\t\t<div class=\"elementor-column elementor-col-100 elementor-top-column elementor-element elementor-element-ba69855 sc_inner_width_none sc_content_align_inherit sc_layouts_column_icons_position_left sc_fly_static\" data-id=\"ba69855\" data-element_type=\"column\">\n\t\t\t<div class=\"elementor-widget-wrap elementor-element-populated\">\n\t\t\t\t\t\t<div class=\"elementor-element elementor-element-7495514 sc_height_medium sc_fly_static elementor-widget elementor-widget-spacer\" data-id=\"7495514\" data-element_type=\"widget\" data-widget_type=\"spacer.default\">\n\t\t\t\t<div class=\"elementor-widget-container\">\n\t\t\t\t\t\t\t<div class=\"elementor-spacer\">\n\t\t\t<div class=\"elementor-spacer-inner\"><\/div>\n\t\t<\/div>\n\t\t\t\t\t\t<\/div>\n\t\t\t\t<\/div>\n\t\t\t\t<div class=\"elementor-element elementor-element-950b80b elementor-widget__width-initial elementor-widget-tablet__width-initial elementor-absolute sc_fly_static elementor-widget elementor-widget-image\" data-id=\"950b80b\" data-element_type=\"widget\" data-settings=\"{&quot;_position&quot;:&quot;absolute&quot;}\" data-widget_type=\"image.default\">\n\t\t\t\t<div class=\"elementor-widget-container\">\n\t\t\t\t\t\t\t\t\t\t\t\t\t\t\t<img decoding=\"async\" width=\"301\" height=\"115\" src=\"https:\/\/globalperspektif.com\/wp-content\/uploads\/2024\/02\/h1-left-vector.svg\" class=\"attachment-full size-full wp-image-25309\" alt=\"\" \/>\t\t\t\t\t\t\t\t\t\t\t\t\t\t\t<\/div>\n\t\t\t\t<\/div>\n\t\t\t\t<section class=\"elementor-section elementor-inner-section elementor-element elementor-element-395cb3b elementor-section-boxed elementor-section-height-default elementor-section-height-default sc_fly_static\" data-id=\"395cb3b\" data-element_type=\"section\">\n\t\t\t\t\t\t<div class=\"elementor-container elementor-column-gap-extended\">\n\t\t\t\t\t<div class=\"elementor-column elementor-col-100 elementor-inner-column elementor-element elementor-element-c004dad sc_inner_width_none sc_content_align_inherit sc_layouts_column_icons_position_left sc_fly_static\" data-id=\"c004dad\" data-element_type=\"column\">\n\t\t\t<div class=\"elementor-widget-wrap elementor-element-populated\">\n\t\t\t\t\t\t<div class=\"elementor-element elementor-element-a66adeb animation_type_block sc_fly_static elementor-invisible elementor-widget elementor-widget-trx_sc_title\" data-id=\"a66adeb\" data-element_type=\"widget\" data-settings=\"{&quot;_animation&quot;:&quot;beautique-fadeinup&quot;}\" data-widget_type=\"trx_sc_title.default\">\n\t\t\t\t<div class=\"elementor-widget-container\">\n\t\t\t\t\t<div\t\tclass=\"sc_title sc_title_default\" ><h1 class=\"sc_item_title sc_title_title sc_align_center sc_item_title_style_default sc_item_title_tag\"\n\t\t\t><span class=\"sc_item_title_text\">Current News<\/span><\/h1><\/div>\t\t\t\t<\/div>\n\t\t\t\t<\/div>\n\t\t\t\t<div class=\"elementor-element elementor-element-61e7060 sc_height_small sc_fly_static elementor-widget elementor-widget-spacer\" data-id=\"61e7060\" data-element_type=\"widget\" data-widget_type=\"spacer.default\">\n\t\t\t\t<div class=\"elementor-widget-container\">\n\t\t\t\t\t\t\t<div class=\"elementor-spacer\">\n\t\t\t<div class=\"elementor-spacer-inner\"><\/div>\n\t\t<\/div>\n\t\t\t\t\t\t<\/div>\n\t\t\t\t<\/div>\n\t\t\t\t<div class=\"elementor-element elementor-element-f4eb7a6 sc_style_default animation_type_block sc_fly_static elementor-invisible elementor-widget elementor-widget-trx_sc_blogger\" data-id=\"f4eb7a6\" data-element_type=\"widget\" data-settings=\"{&quot;_animation&quot;:&quot;beautique-fadeinup&quot;}\" data-widget_type=\"trx_sc_blogger.default\">\n\t\t\t\t<div class=\"elementor-widget-container\">\n\t\t\t\t\t<div \t\tclass=\"sc_blogger sc_blogger_classic-masonry sc_blogger_classic-masonry_default sc_item_filters_tabs_none alignnone\" ><div  class=\"sc_blogger_slider sc_item_slider slider_swiper_outer slider_outer slider_outer_nocontrols slider_outer_pagination slider_outer_pagination_bullets slider_outer_pagination_pos_bottom slider_outer_nocentered slider_outer_overflow_hidden slider_outer_multi\">\n\t<div  data-slides-per-view-breakpoints=\"{&quot;999999&quot;:2}\" class=\"slider_container swiper-slider-container slider_swiper slider_noresize slider_nocontrols slider_pagination slider_pagination_bullets slider_pagination_pos_bottom slider_nocentered slider_overflow_hidden slider_multi\" data-slides-per-view=\"2\" data-slides-space=\"30\" data-effect=\"slide\" data-slides-min-width=\"220\" data-pagination=\"bullets\" data-direction=\"horizontal\" data-mouse-wheel=\"0\" data-autoplay=\"1\" data-loop=\"1\" data-free-mode=\"0\" data-slides-centered=\"0\" data-slides-overflow=\"0\">\n\t\t<div class=\"slides slider-wrapper swiper-wrapper sc_item_columns_2\"><div class=\"slider-slide swiper-slide\"><article id=\"post-31919\" data-post-id=\"31919\"\n\tclass=\"post_item post_item_container post_format_standard post_layout_classic post_layout_classic_2 post_layout_classic-masonry post_layout_classic-masonry_2 post-31919 post type-post status-publish format-standard has-post-thumbnail hentry category-blog tag-italya-vize tag-italya-vizesi\">\n\t<div class=\"post_featured with_thumb hover_link\"><img fetchpriority=\"high\" decoding=\"async\" width=\"410\" height=\"273\" src=\"https:\/\/globalperspektif.com\/wp-content\/uploads\/2026\/02\/italya-vize-nedir-nasil-yapilir-1-1-410x273.jpg\" class=\"attachment-beautique-thumb-masonry size-beautique-thumb-masonry wp-post-image\" alt=\"\" srcset=\"https:\/\/globalperspektif.com\/wp-content\/uploads\/2026\/02\/italya-vize-nedir-nasil-yapilir-1-1-410x273.jpg 410w, https:\/\/globalperspektif.com\/wp-content\/uploads\/2026\/02\/italya-vize-nedir-nasil-yapilir-1-1-300x200.jpg 300w, https:\/\/globalperspektif.com\/wp-content\/uploads\/2026\/02\/italya-vize-nedir-nasil-yapilir-1-1-1024x683.jpg 1024w, https:\/\/globalperspektif.com\/wp-content\/uploads\/2026\/02\/italya-vize-nedir-nasil-yapilir-1-1-768x512.jpg 768w, https:\/\/globalperspektif.com\/wp-content\/uploads\/2026\/02\/italya-vize-nedir-nasil-yapilir-1-1-18x12.jpg 18w, https:\/\/globalperspektif.com\/wp-content\/uploads\/2026\/02\/italya-vize-nedir-nasil-yapilir-1-1-370x247.jpg 370w, https:\/\/globalperspektif.com\/wp-content\/uploads\/2026\/02\/italya-vize-nedir-nasil-yapilir-1-1-840x560.jpg 840w, https:\/\/globalperspektif.com\/wp-content\/uploads\/2026\/02\/italya-vize-nedir-nasil-yapilir-1-1.jpg 1500w\" sizes=\"(max-width: 600px) 100vw, 410px\" \/>\t\t\t\t\t\t<div class=\"mask\"><\/div>\n\t\t\t\t\t\t\t\t\t<a href=\"https:\/\/globalperspektif.com\/en\/italya-vize-nedir-nasil-yapilir\/\"  aria-hidden=\"true\" class=\"link\"><\/a>\n\t\t\t<\/div>\t\t<div class=\"post_header entry-header\">\n\t\t\t<div class=\"post_meta\"><span class=\"post_meta_item post_categories cat_sep\"><a href=\"https:\/\/globalperspektif.com\/en\/kategori\/blog\/\" rel=\"category tag\">Blog<\/a><\/span><span class=\"post_meta_item post_date\"><a href=\"https:\/\/globalperspektif.com\/en\/italya-vize-nedir-nasil-yapilir\/\">13 February 2026<\/a><\/span><\/div><h4 class=\"post_title entry-title\"><a href=\"https:\/\/globalperspektif.com\/en\/italya-vize-nedir-nasil-yapilir\/\" rel=\"bookmark\">\u0130talya Vize Nedir? Nas\u0131l Yap\u0131l\u0131r?<\/a><\/h4>\t\t<\/div><!-- .entry-header -->\n\t\t\n<\/article><\/div><div class=\"slider-slide swiper-slide\"><article id=\"post-31916\" data-post-id=\"31916\"\n\tclass=\"post_item post_item_container post_format_standard post_layout_classic post_layout_classic_2 post_layout_classic-masonry post_layout_classic-masonry_2 post-31916 post type-post status-publish format-standard has-post-thumbnail hentry category-blog tag-italya-vize-ve-oturma-izni tag-italyada-oturma-izni tag-italyada-vize-ve-oturma-izni\">\n\t<div class=\"post_featured with_thumb hover_link\"><img decoding=\"async\" width=\"410\" height=\"273\" src=\"https:\/\/globalperspektif.com\/wp-content\/uploads\/2026\/02\/italyada-vize-ve-oturma-izni-nasil-alinir-1-1-410x273.jpg\" class=\"attachment-beautique-thumb-masonry size-beautique-thumb-masonry wp-post-image\" alt=\"\" srcset=\"https:\/\/globalperspektif.com\/wp-content\/uploads\/2026\/02\/italyada-vize-ve-oturma-izni-nasil-alinir-1-1-410x273.jpg 410w, https:\/\/globalperspektif.com\/wp-content\/uploads\/2026\/02\/italyada-vize-ve-oturma-izni-nasil-alinir-1-1-300x200.jpg 300w, https:\/\/globalperspektif.com\/wp-content\/uploads\/2026\/02\/italyada-vize-ve-oturma-izni-nasil-alinir-1-1-1024x683.jpg 1024w, https:\/\/globalperspektif.com\/wp-content\/uploads\/2026\/02\/italyada-vize-ve-oturma-izni-nasil-alinir-1-1-768x512.jpg 768w, https:\/\/globalperspektif.com\/wp-content\/uploads\/2026\/02\/italyada-vize-ve-oturma-izni-nasil-alinir-1-1-18x12.jpg 18w, https:\/\/globalperspektif.com\/wp-content\/uploads\/2026\/02\/italyada-vize-ve-oturma-izni-nasil-alinir-1-1-370x247.jpg 370w, https:\/\/globalperspektif.com\/wp-content\/uploads\/2026\/02\/italyada-vize-ve-oturma-izni-nasil-alinir-1-1-840x560.jpg 840w, https:\/\/globalperspektif.com\/wp-content\/uploads\/2026\/02\/italyada-vize-ve-oturma-izni-nasil-alinir-1-1.jpg 1500w\" sizes=\"(max-width: 600px) 100vw, 410px\" \/>\t\t\t\t\t\t<div class=\"mask\"><\/div>\n\t\t\t\t\t\t\t\t\t<a href=\"https:\/\/globalperspektif.com\/en\/italyada-vize-ve-oturma-izni-nasil-alinir\/\"  aria-hidden=\"true\" class=\"link\"><\/a>\n\t\t\t<\/div>\t\t<div class=\"post_header entry-header\">\n\t\t\t<div class=\"post_meta\"><span class=\"post_meta_item post_categories cat_sep\"><a href=\"https:\/\/globalperspektif.com\/en\/kategori\/blog\/\" rel=\"category tag\">Blog<\/a><\/span><span class=\"post_meta_item post_date\"><a href=\"https:\/\/globalperspektif.com\/en\/italyada-vize-ve-oturma-izni-nasil-alinir\/\">11 February 2026<\/a><\/span><\/div><h4 class=\"post_title entry-title\"><a href=\"https:\/\/globalperspektif.com\/en\/italyada-vize-ve-oturma-izni-nasil-alinir\/\" rel=\"bookmark\">\u0130talya\u2019da Vize Ve Oturma \u0130zni Nas\u0131l Al\u0131n\u0131r?<\/a><\/h4>\t\t<\/div><!-- .entry-header -->\n\t\t\n<\/article><\/div><div class=\"slider-slide swiper-slide\"><article id=\"post-31915\" data-post-id=\"31915\"\n\tclass=\"post_item post_item_container post_format_standard post_layout_classic post_layout_classic_2 post_layout_classic-masonry post_layout_classic-masonry_2 post-31915 post type-post status-publish format-standard has-post-thumbnail hentry category-blog tag-avrupa-ulkesi-vatandasi tag-avrupa-ulkesi-vatandasi-olmak\">\n\t<div class=\"post_featured with_thumb hover_link\"><img loading=\"lazy\" decoding=\"async\" width=\"410\" height=\"274\" src=\"https:\/\/globalperspektif.com\/wp-content\/uploads\/2026\/02\/avrupa-ulkesi-vatandasi-nasil-olunur-1-1-410x274.jpg\" class=\"attachment-beautique-thumb-masonry size-beautique-thumb-masonry wp-post-image\" alt=\"\" srcset=\"https:\/\/globalperspektif.com\/wp-content\/uploads\/2026\/02\/avrupa-ulkesi-vatandasi-nasil-olunur-1-1-410x274.jpg 410w, https:\/\/globalperspektif.com\/wp-content\/uploads\/2026\/02\/avrupa-ulkesi-vatandasi-nasil-olunur-1-1-300x200.jpg 300w, https:\/\/globalperspektif.com\/wp-content\/uploads\/2026\/02\/avrupa-ulkesi-vatandasi-nasil-olunur-1-1-1024x683.jpg 1024w, https:\/\/globalperspektif.com\/wp-content\/uploads\/2026\/02\/avrupa-ulkesi-vatandasi-nasil-olunur-1-1-768x513.jpg 768w, https:\/\/globalperspektif.com\/wp-content\/uploads\/2026\/02\/avrupa-ulkesi-vatandasi-nasil-olunur-1-1-18x12.jpg 18w, https:\/\/globalperspektif.com\/wp-content\/uploads\/2026\/02\/avrupa-ulkesi-vatandasi-nasil-olunur-1-1-370x247.jpg 370w, https:\/\/globalperspektif.com\/wp-content\/uploads\/2026\/02\/avrupa-ulkesi-vatandasi-nasil-olunur-1-1-840x561.jpg 840w, https:\/\/globalperspektif.com\/wp-content\/uploads\/2026\/02\/avrupa-ulkesi-vatandasi-nasil-olunur-1-1.jpg 1500w\" sizes=\"(max-width: 600px) 100vw, 410px\" \/>\t\t\t\t\t\t<div class=\"mask\"><\/div>\n\t\t\t\t\t\t\t\t\t<a href=\"https:\/\/globalperspektif.com\/en\/avrupa-ulkesi-vatandasi-nasil-olunur\/\"  aria-hidden=\"true\" class=\"link\"><\/a>\n\t\t\t<\/div>\t\t<div class=\"post_header entry-header\">\n\t\t\t<div class=\"post_meta\"><span class=\"post_meta_item post_categories cat_sep\"><a href=\"https:\/\/globalperspektif.com\/en\/kategori\/blog\/\" rel=\"category tag\">Blog<\/a><\/span><span class=\"post_meta_item post_date\"><a href=\"https:\/\/globalperspektif.com\/en\/avrupa-ulkesi-vatandasi-nasil-olunur\/\">9 February 2026<\/a><\/span><\/div><h4 class=\"post_title entry-title\"><a href=\"https:\/\/globalperspektif.com\/en\/avrupa-ulkesi-vatandasi-nasil-olunur\/\" rel=\"bookmark\">Avrupa \u00dclkesi Vatanda\u015f\u0131 Nas\u0131l Olunur?<\/a><\/h4>\t\t<\/div><!-- .entry-header -->\n\t\t\n<\/article><\/div><div class=\"slider-slide swiper-slide\"><article id=\"post-31914\" data-post-id=\"31914\"\n\tclass=\"post_item post_item_container post_format_standard post_layout_classic post_layout_classic_2 post_layout_classic-masonry post_layout_classic-masonry_2 post-31914 post type-post status-publish format-standard has-post-thumbnail hentry category-blog tag-yunanistan-vize tag-yunanistan-vizesi\">\n\t<div class=\"post_featured with_thumb hover_link\"><img loading=\"lazy\" decoding=\"async\" width=\"410\" height=\"269\" src=\"https:\/\/globalperspektif.com\/wp-content\/uploads\/2026\/02\/yunanistan-vizesi-nedir-nasil-alinir-1-1-410x269.jpg\" class=\"attachment-beautique-thumb-masonry size-beautique-thumb-masonry wp-post-image\" alt=\"\" srcset=\"https:\/\/globalperspektif.com\/wp-content\/uploads\/2026\/02\/yunanistan-vizesi-nedir-nasil-alinir-1-1-410x269.jpg 410w, https:\/\/globalperspektif.com\/wp-content\/uploads\/2026\/02\/yunanistan-vizesi-nedir-nasil-alinir-1-1-300x197.jpg 300w, https:\/\/globalperspektif.com\/wp-content\/uploads\/2026\/02\/yunanistan-vizesi-nedir-nasil-alinir-1-1-1024x673.jpg 1024w, https:\/\/globalperspektif.com\/wp-content\/uploads\/2026\/02\/yunanistan-vizesi-nedir-nasil-alinir-1-1-768x505.jpg 768w, https:\/\/globalperspektif.com\/wp-content\/uploads\/2026\/02\/yunanistan-vizesi-nedir-nasil-alinir-1-1-18x12.jpg 18w, https:\/\/globalperspektif.com\/wp-content\/uploads\/2026\/02\/yunanistan-vizesi-nedir-nasil-alinir-1-1-370x243.jpg 370w, https:\/\/globalperspektif.com\/wp-content\/uploads\/2026\/02\/yunanistan-vizesi-nedir-nasil-alinir-1-1-840x552.jpg 840w, https:\/\/globalperspektif.com\/wp-content\/uploads\/2026\/02\/yunanistan-vizesi-nedir-nasil-alinir-1-1.jpg 1522w\" sizes=\"(max-width: 600px) 100vw, 410px\" \/>\t\t\t\t\t\t<div class=\"mask\"><\/div>\n\t\t\t\t\t\t\t\t\t<a href=\"https:\/\/globalperspektif.com\/en\/yunanistan-vizesi-nedir-nasil-alinir\/\"  aria-hidden=\"true\" class=\"link\"><\/a>\n\t\t\t<\/div>\t\t<div class=\"post_header entry-header\">\n\t\t\t<div class=\"post_meta\"><span class=\"post_meta_item post_categories cat_sep\"><a href=\"https:\/\/globalperspektif.com\/en\/kategori\/blog\/\" rel=\"category tag\">Blog<\/a><\/span><span class=\"post_meta_item post_date\"><a href=\"https:\/\/globalperspektif.com\/en\/yunanistan-vizesi-nedir-nasil-alinir\/\">7 February 2026<\/a><\/span><\/div><h4 class=\"post_title entry-title\"><a href=\"https:\/\/globalperspektif.com\/en\/yunanistan-vizesi-nedir-nasil-alinir\/\" rel=\"bookmark\">Yunanistan Vizesi Nedir? Nas\u0131l Al\u0131n\u0131r?<\/a><\/h4>\t\t<\/div><!-- .entry-header -->\n\t\t\n<\/article><\/div><div class=\"slider-slide swiper-slide\"><article id=\"post-31913\" data-post-id=\"31913\"\n\tclass=\"post_item post_item_container post_format_standard post_layout_classic post_layout_classic_2 post_layout_classic-masonry post_layout_classic-masonry_2 post-31913 post type-post status-publish format-standard has-post-thumbnail hentry category-blog tag-golden-visa tag-yunanistan-golden-visa\">\n\t<div class=\"post_featured with_thumb hover_link\"><img loading=\"lazy\" decoding=\"async\" width=\"410\" height=\"308\" src=\"https:\/\/globalperspektif.com\/wp-content\/uploads\/2026\/02\/yunanistan-golden-visa-nedir-sartlari-nelerdir-1-1-410x308.jpg\" class=\"attachment-beautique-thumb-masonry size-beautique-thumb-masonry wp-post-image\" alt=\"\" srcset=\"https:\/\/globalperspektif.com\/wp-content\/uploads\/2026\/02\/yunanistan-golden-visa-nedir-sartlari-nelerdir-1-1-410x308.jpg 410w, https:\/\/globalperspektif.com\/wp-content\/uploads\/2026\/02\/yunanistan-golden-visa-nedir-sartlari-nelerdir-1-1-300x225.jpg 300w, https:\/\/globalperspektif.com\/wp-content\/uploads\/2026\/02\/yunanistan-golden-visa-nedir-sartlari-nelerdir-1-1-1024x768.jpg 1024w, https:\/\/globalperspektif.com\/wp-content\/uploads\/2026\/02\/yunanistan-golden-visa-nedir-sartlari-nelerdir-1-1-768x576.jpg 768w, https:\/\/globalperspektif.com\/wp-content\/uploads\/2026\/02\/yunanistan-golden-visa-nedir-sartlari-nelerdir-1-1-16x12.jpg 16w, https:\/\/globalperspektif.com\/wp-content\/uploads\/2026\/02\/yunanistan-golden-visa-nedir-sartlari-nelerdir-1-1-370x278.jpg 370w, https:\/\/globalperspektif.com\/wp-content\/uploads\/2026\/02\/yunanistan-golden-visa-nedir-sartlari-nelerdir-1-1-840x630.jpg 840w, https:\/\/globalperspektif.com\/wp-content\/uploads\/2026\/02\/yunanistan-golden-visa-nedir-sartlari-nelerdir-1-1.jpg 1500w\" sizes=\"(max-width: 600px) 100vw, 410px\" \/>\t\t\t\t\t\t<div class=\"mask\"><\/div>\n\t\t\t\t\t\t\t\t\t<a href=\"https:\/\/globalperspektif.com\/en\/yunanistan-golden-visa-nedir-sartlari-nelerdir\/\"  aria-hidden=\"true\" class=\"link\"><\/a>\n\t\t\t<\/div>\t\t<div class=\"post_header entry-header\">\n\t\t\t<div class=\"post_meta\"><span class=\"post_meta_item post_categories cat_sep\"><a href=\"https:\/\/globalperspektif.com\/en\/kategori\/blog\/\" rel=\"category tag\">Blog<\/a><\/span><span class=\"post_meta_item post_date\"><a href=\"https:\/\/globalperspektif.com\/en\/yunanistan-golden-visa-nedir-sartlari-nelerdir\/\">5 February 2026<\/a><\/span><\/div><h4 class=\"post_title entry-title\"><a href=\"https:\/\/globalperspektif.com\/en\/yunanistan-golden-visa-nedir-sartlari-nelerdir\/\" rel=\"bookmark\">Yunanistan Golden Visa Nedir? \u015eartlar\u0131 Nelerdir?<\/a><\/h4>\t\t<\/div><!-- .entry-header -->\n\t\t\n<\/article><\/div><\/div><\/div><div class=\"slider_pagination_wrap swiper-pagination\"><\/div><\/div><\/div>\t\t\t\t<\/div>\n\t\t\t\t<\/div>\n\t\t\t\t\t<\/div>\n\t\t<\/div>\n\t\t\t\t\t<\/div>\n\t\t<\/section>\n\t\t\t\t<div class=\"elementor-element elementor-element-3af2dd5 sc_height_large sc_fly_static elementor-widget elementor-widget-spacer\" data-id=\"3af2dd5\" data-element_type=\"widget\" data-widget_type=\"spacer.default\">\n\t\t\t\t<div class=\"elementor-widget-container\">\n\t\t\t\t\t\t\t<div class=\"elementor-spacer\">\n\t\t\t<div class=\"elementor-spacer-inner\"><\/div>\n\t\t<\/div>\n\t\t\t\t\t\t<\/div>\n\t\t\t\t<\/div>\n\t\t\t\t<div class=\"elementor-element elementor-element-29c17fc elementor-widget__width-initial elementor-widget-tablet__width-initial elementor-absolute sc_fly_static elementor-widget elementor-widget-image\" data-id=\"29c17fc\" data-element_type=\"widget\" data-settings=\"{&quot;_position&quot;:&quot;absolute&quot;}\" data-widget_type=\"image.default\">\n\t\t\t\t<div class=\"elementor-widget-container\">\n\t\t\t\t\t\t\t\t\t\t\t\t\t\t\t<img loading=\"lazy\" decoding=\"async\" width=\"301\" height=\"90\" src=\"https:\/\/globalperspektif.com\/wp-content\/uploads\/2024\/02\/h1-right-vector.svg\" class=\"attachment-full size-full wp-image-25308\" alt=\"\" \/>\t\t\t\t\t\t\t\t\t\t\t\t\t\t\t<\/div>\n\t\t\t\t<\/div>\n\t\t\t\t\t<\/div>\n\t\t<\/div>\n\t\t\t\t\t<\/div>\n\t\t<\/section>\n\t\t\t\t<\/div>","protected":false},"excerpt":{"rendered":"<p>You can click to review the program now and get more detailed information. <\/p>","protected":false},"author":1,"featured_media":30737,"comment_status":"closed","ping_status":"closed","template":"","cpt_services_group":[221],"class_list":["post-31951","cpt_services","type-cpt_services","status-publish","has-post-thumbnail","hentry","cpt_services_group-diger"],"_links":{"self":[{"href":"https:\/\/globalperspektif.com\/en\/wp-json\/wp\/v2\/cpt_services\/31951","targetHints":{"allow":["GET"]}}],"collection":[{"href":"https:\/\/globalperspektif.com\/en\/wp-json\/wp\/v2\/cpt_services"}],"about":[{"href":"https:\/\/globalperspektif.com\/en\/wp-json\/wp\/v2\/types\/cpt_services"}],"author":[{"embeddable":true,"href":"https:\/\/globalperspektif.com\/en\/wp-json\/wp\/v2\/users\/1"}],"replies":[{"embeddable":true,"href":"https:\/\/globalperspektif.com\/en\/wp-json\/wp\/v2\/comments?post=31951"}],"version-history":[{"count":6,"href":"https:\/\/globalperspektif.com\/en\/wp-json\/wp\/v2\/cpt_services\/31951\/revisions"}],"predecessor-version":[{"id":31988,"href":"https:\/\/globalperspektif.com\/en\/wp-json\/wp\/v2\/cpt_services\/31951\/revisions\/31988"}],"wp:featuredmedia":[{"embeddable":true,"href":"https:\/\/globalperspektif.com\/en\/wp-json\/wp\/v2\/media\/30737"}],"wp:attachment":[{"href":"https:\/\/globalperspektif.com\/en\/wp-json\/wp\/v2\/media?parent=31951"}],"wp:term":[{"taxonomy":"cpt_services_group","embeddable":true,"href":"https:\/\/globalperspektif.com\/en\/wp-json\/wp\/v2\/cpt_services_group?post=31951"}],"curies":[{"name":"wp","href":"https:\/\/api.w.org\/{rel}","templated":true}]}}