{"id":31952,"date":"2026-04-20T22:03:04","date_gmt":"2026-04-20T19:03:04","guid":{"rendered":"https:\/\/globalperspektif.com\/?post_type=cpt_services&#038;p=31952"},"modified":"2026-04-23T22:53:04","modified_gmt":"2026-04-23T19:53:04","slug":"italya-gayrimenkul","status":"publish","type":"cpt_services","link":"https:\/\/globalperspektif.com\/en\/diger\/italya-gayrimenkul\/","title":{"rendered":"\u0130talya Gayrimenkul"},"content":{"rendered":"<div data-elementor-type=\"wp-post\" data-elementor-id=\"31952\" class=\"elementor elementor-31952\">\n\t\t\t\t<div class=\"elementor-element elementor-element-12c3da6c e-flex e-con-boxed sc_inner_width_none sc_layouts_column_icons_position_left e-con e-parent\" data-id=\"12c3da6c\" data-element_type=\"container\">\n\t\t\t\t\t<div class=\"e-con-inner\">\n\t\t\t\t<div class=\"elementor-element elementor-element-73746564 sc_fly_static elementor-widget elementor-widget-text-editor\" data-id=\"73746564\" data-element_type=\"widget\" data-widget_type=\"text-editor.default\">\n\t\t\t\t<div class=\"elementor-widget-container\">\n\t\t\t\t\t\t\t\t\t<h3>\u0130talya Gayrimenkul<\/h3><p>K\u00fcreselle\u015fen d\u00fcnyada yat\u0131r\u0131m se\u00e7enekleri yaln\u0131zca finansal kazan\u00e7la s\u0131n\u0131rl\u0131 kalm\u0131yor; ayn\u0131 zamanda ya\u015fam kalitesini art\u0131ran yeni f\u0131rsatlar sunan ve uluslararas\u0131 hareket \u00f6zg\u00fcrl\u00fc\u011f\u00fc sa\u011flayan \u00e7\u00f6z\u00fcmler de \u00f6n plana \u00e7\u0131k\u0131yor.<\/p><p><strong>\u0130talya gayrimenkul<\/strong> yat\u0131r\u0131m\u0131 hem prestijli bir varl\u0131k edinme hem de Avrupa\u2019da g\u00fc\u00e7l\u00fc bir gelecek in\u015fa etme f\u0131rsat\u0131 sunan en dikkat \u00e7ekici se\u00e7eneklerden biri olarak \u00f6ne \u00e7\u0131k\u0131yor. Global Perspektif bu s\u00fcre\u00e7te yat\u0131r\u0131mc\u0131lara sadece bir dan\u0131\u015fmanl\u0131k hizmeti de\u011fil u\u00e7tan uca profesyonel bir \u00e7\u00f6z\u00fcm sunarak s\u00fcreci g\u00fcvenli ve sorunsuz hale getiriyor.<\/p><p><strong>Global Perspektif ile Yat\u0131r\u0131m S\u00fcrecine G\u00fcvenle Ba\u015flay\u0131n<\/strong><\/p><p>Yurtd\u0131\u015f\u0131nda yat\u0131r\u0131m yoluyla oturum izni ya da vatanda\u015fl\u0131k elde etmek isteyen bireyler i\u00e7in s\u00fcre\u00e7 \u00e7o\u011fu zaman karma\u015f\u0131k ve yorucu olabilir. Global Perspektif bu zorluklar\u0131 ortadan kald\u0131rmak amac\u0131yla ki\u015fiye \u00f6zel yat\u0131r\u0131m planlar\u0131 olu\u015fturarak yat\u0131r\u0131mc\u0131n\u0131n t\u00fcm ihtiya\u00e7lar\u0131n\u0131 analiz eder ve en uygun se\u00e7enekleri sunar. \u00d6zellikle <strong>\u0130talya gayrimenkul<\/strong> yat\u0131r\u0131m\u0131 gibi stratejik kararlar s\u00f6z konusu oldu\u011funda do\u011fru y\u00f6nlendirme b\u00fcy\u00fck \u00f6nem ta\u015f\u0131r.<\/p><p>Global Perspektif yat\u0131r\u0131mc\u0131yla ger\u00e7ekle\u015ftirdi\u011fi detayl\u0131 g\u00f6r\u00fc\u015fmeler sayesinde beklentileri netle\u015ftirir ve yat\u0131r\u0131mc\u0131n\u0131n hedeflerine en uygun \u00fclkeleri ve yat\u0131r\u0131m ara\u00e7lar\u0131n\u0131 belirler. S\u00fcrecin her a\u015famas\u0131nda \u015feffaf bir ileti\u015fim sunan Global Perspektif yat\u0131r\u0131mc\u0131n\u0131n onay\u0131n\u0131n ard\u0131ndan t\u00fcm sorumlulu\u011fu \u00fcstlenerek b\u00fcrokratik i\u015flemleri ba\u015ftan sona y\u00f6netir. Bu yakla\u015f\u0131m yat\u0131r\u0131mc\u0131lar\u0131n zamandan tasarruf etmesini sa\u011flarken ayn\u0131 zamanda s\u00fcrecin g\u00fcvenli bir \u015fekilde ilerlemesine olanak tan\u0131r.<\/p><p><strong>\u0130talya Gayrimenkul Yat\u0131r\u0131m\u0131 Neden Bu Kadar Pop\u00fcler?<\/strong><\/p><p>Avrupa\u2019n\u0131n en k\u00f6kl\u00fc ve k\u00fclt\u00fcrel a\u00e7\u0131dan zengin \u00fclkelerinden biri olan \u0130talya son y\u0131llarda yat\u0131r\u0131mc\u0131lar\u0131n yo\u011fun ilgisini \u00e7eken bir destinasyon haline gelmi\u015ftir. <strong>\u0130talya gayrimenkul<\/strong> piyasas\u0131 sundu\u011fu avantajlar sayesinde hem bireysel hem de kurumsal yat\u0131r\u0131mc\u0131lar i\u00e7in cazip f\u0131rsatlar bar\u0131nd\u0131r\u0131r. \u00dclkenin turistik cazibesi, g\u00fc\u00e7l\u00fc ekonomisi ve ya\u015fam kalitesi gayrimenkul yat\u0131r\u0131mlar\u0131n\u0131n de\u011ferini s\u00fcrekli art\u0131ran unsurlar aras\u0131nda yer al\u0131r.<\/p><p>\u0130talya\u2019da gayrimenkul yat\u0131r\u0131m\u0131 yapmak, sadece bir m\u00fclk sahibi olmak anlam\u0131na gelmez; ayn\u0131 zamanda Avrupa Birli\u011fi i\u00e7erisinde g\u00fc\u00e7l\u00fc bir konum elde etmek anlam\u0131na da gelir. \u00d6zellikle tarihi \u015fehirlerde veya turistik b\u00f6lgelerde yap\u0131lan yat\u0131r\u0131mlar k\u0131sa vadede kira getirisi sa\u011flarken uzun vadede de\u011fer art\u0131\u015f\u0131 potansiyeli sunar. Bu nedenle <strong>\u0130talya gayrimenkul<\/strong> yat\u0131r\u0131m\u0131 hem ya\u015fam hem de yat\u0131r\u0131m ama\u00e7l\u0131 tercih edilen g\u00fc\u00e7l\u00fc bir alternatiftir.<\/p><p>Global Perspektif \u0130talya\u2019daki geni\u015f i\u015f a\u011f\u0131 sayesinde yat\u0131r\u0131mc\u0131lara en do\u011fru lokasyonlar\u0131 ve en avantajl\u0131 f\u0131rsatlar\u0131 sunar. Bu sayede yat\u0131r\u0131mc\u0131lar piyasa ara\u015ft\u0131rmas\u0131 yapmak zorunda kalmadan do\u011frudan en do\u011fru se\u00e7eneklere ula\u015fabilir.<\/p><p><strong>T\u00fcm S\u00fcre\u00e7lerde Profesyonel Destek ve Takip<\/strong><\/p><p>Yurtd\u0131\u015f\u0131nda yat\u0131r\u0131m yapmak \u00f6zellikle farkl\u0131 bir \u00fclkenin hukuk sistemine ve b\u00fcrokratik yap\u0131s\u0131na adapte olmay\u0131 gerektirir. Bu noktada Global Perspektif yat\u0131r\u0131mc\u0131 ad\u0131na t\u00fcm s\u00fcreci titizlikle y\u00f6neterek \u00f6nemli bir y\u00fck\u00fc ortadan kald\u0131r\u0131r. Oturum kart\u0131 ve vatanda\u015fl\u0131k s\u00fcre\u00e7leriyle ilgili t\u00fcm resmi i\u015flemler uzman ekip taraf\u0131ndan eksiksiz bir \u015fekilde takip edilir.<\/p><p><strong>\u0130talya gayrimenkul<\/strong> yat\u0131r\u0131m\u0131 s\u00fcrecinde tapu i\u015flemleri, vergi y\u00fck\u00fcml\u00fcl\u00fckleri, yasal gereklilikler ve ba\u015fvuru s\u00fcre\u00e7leri gibi bir\u00e7ok detay bulunmaktad\u0131r. Global Perspektif bu detaylar\u0131n her birini yat\u0131r\u0131mc\u0131 ad\u0131na planlar ve uygular. Ayr\u0131ca s\u00fcre\u00e7 boyunca ya\u015fanabilecek de\u011fi\u015fiklikler ve g\u00fcncellemeler anl\u0131k olarak takip edilerek yat\u0131r\u0131mc\u0131ya d\u00fczenli bilgi aktar\u0131m\u0131 sa\u011flan\u0131r.<\/p><p>Global Perspektif sundu\u011fu bu kapsaml\u0131 hizmet yat\u0131r\u0131mc\u0131lar\u0131n sadece sonu\u00e7 odakl\u0131 d\u00fc\u015f\u00fcnmesini m\u00fcmk\u00fcn k\u0131lar. T\u00fcm operasyonel ve b\u00fcrokratik s\u00fcre\u00e7ler profesyonel ekip taraf\u0131ndan y\u00fcr\u00fct\u00fcl\u00fcrken yat\u0131r\u0131mc\u0131lar g\u00fcvenle s\u00fcrecin tamamlanmas\u0131n\u0131 bekleyebilir.<\/p><p><strong>Avrupa\u2019da Ya\u015fam ve Gelecek Planlamas\u0131<\/strong><\/p><p>Bir\u00e7ok yat\u0131r\u0131mc\u0131 i\u00e7in yurtd\u0131\u015f\u0131nda gayrimenkul edinmek yaln\u0131zca finansal bir karar de\u011fil ayn\u0131 zamanda ya\u015fam tarz\u0131n\u0131 de\u011fi\u015ftiren bir ad\u0131md\u0131r. <strong>\u0130talya gayrimenkul<\/strong> yat\u0131r\u0131m\u0131 yat\u0131r\u0131mc\u0131lara Avrupa\u2019da yeni bir hayat kurma f\u0131rsat\u0131 sunar. \u0130talya\u2019n\u0131n sundu\u011fu y\u00fcksek ya\u015fam standartlar\u0131, kaliteli e\u011fitim imkanlar\u0131 ve g\u00fc\u00e7l\u00fc sa\u011fl\u0131k sistemi bu karar\u0131 daha da anlaml\u0131 hale getirir.<\/p><p>Global Perspektif yaln\u0131zca yat\u0131r\u0131m s\u00fcrecinde de\u011fil yat\u0131r\u0131m sonras\u0131nda da m\u00fc\u015fterilerinin yan\u0131nda yer al\u0131r. \u00d6\u011frenciler i\u00e7in bar\u0131nma \u00e7\u00f6z\u00fcmlerinden d\u00fczenli gelir yoluyla oturum izinlerine kadar bir\u00e7ok farkl\u0131 alanda hizmet sunarak yat\u0131r\u0131mc\u0131lar\u0131n Avrupa\u2019daki ya\u015fam\u0131n\u0131 kolayla\u015ft\u0131r\u0131r. Bu kapsaml\u0131 yakla\u015f\u0131m Global Perspektif\u2019i sadece bir dan\u0131\u015fmanl\u0131k firmas\u0131 de\u011fil uzun vadeli bir \u00e7\u00f6z\u00fcm orta\u011f\u0131 haline getirir.<\/p><p>\u00d6zellikle dijital g\u00f6\u00e7ebe programlar\u0131 ve yat\u0131r\u0131m yoluyla oturum izni se\u00e7enekleri konusunda uzmanla\u015fan Global Perspektif yat\u0131r\u0131mc\u0131lar\u0131n farkl\u0131 ihtiya\u00e7lar\u0131na y\u00f6nelik esnek \u00e7\u00f6z\u00fcmler sunar. B\u00f6ylece <strong>\u0130talya gayrimenkul<\/strong> yat\u0131r\u0131m\u0131 yaln\u0131zca bir ba\u015flang\u0131\u00e7 noktas\u0131 olur ve yat\u0131r\u0131mc\u0131ya Avrupa\u2019da geni\u015f bir ya\u015fam alan\u0131 a\u00e7ar.<\/p><p><strong>Global Perspektif ile Do\u011fru Yat\u0131r\u0131m, G\u00fc\u00e7l\u00fc Gelecek<\/strong><\/p><p>Yat\u0131r\u0131m kararlar\u0131 do\u011fru y\u00f6nlendirme ve profesyonel destek ile \u00e7ok daha de\u011ferli hale gelir. Global Perspektif Avrupa\u2019daki geni\u015f a\u011f\u0131 ve sekt\u00f6rel deneyimi sayesinde yat\u0131r\u0131mc\u0131lara en do\u011fru se\u00e7enekleri sunar. \u00d6zellikle <strong>\u0130talya gayrimenkul<\/strong> yat\u0131r\u0131m\u0131 gibi stratejik ad\u0131mlarda uzman bir ekip ile ilerlemek s\u00fcrecin ba\u015far\u0131s\u0131n\u0131 do\u011frudan etkiler.<\/p><p>Global Perspektif\u2019in sundu\u011fu ki\u015fiye \u00f6zel \u00e7\u00f6z\u00fcmler yat\u0131r\u0131mc\u0131lar\u0131n beklentilerini en do\u011fru \u015fekilde kar\u015f\u0131lamay\u0131 hedefler. Her yat\u0131r\u0131mc\u0131 i\u00e7in farkl\u0131 bir strateji geli\u015ftiren Global Perspektif s\u00fcrecin her a\u015famas\u0131nda aktif rol alarak maksimum memnuniyet sa\u011flar. Bu yakla\u015f\u0131m sayesinde yat\u0131r\u0131mc\u0131lar sadece bir m\u00fclk edinmekle kalmaz ayn\u0131 zamanda g\u00fcvenli ve s\u00fcrd\u00fcr\u00fclebilir bir gelecek plan\u0131 olu\u015fturur.<\/p><p><strong>\u0130talya gayrimenkul<\/strong> yat\u0131r\u0131m\u0131 Avrupa\u2019da g\u00fc\u00e7l\u00fc bir konum elde etmek isteyenler i\u00e7in \u00f6nemli bir f\u0131rsat sunar. Global Perspektif ise bu f\u0131rsat\u0131 en do\u011fru \u015fekilde de\u011ferlendirmek isteyen yat\u0131r\u0131mc\u0131lar i\u00e7in g\u00fcvenilir bir yol arkada\u015f\u0131d\u0131r. Ba\u015ftan sona profesyonel bir hizmet anlay\u0131\u015f\u0131 ile hareket eden Global Perspektif yat\u0131r\u0131mc\u0131lar\u0131n hayallerini ger\u00e7e\u011fe d\u00f6n\u00fc\u015ft\u00fcrmeyi ama\u00e7lar.<\/p>\t\t\t\t\t\t\t\t<\/div>\n\t\t\t\t<\/div>\n\t\t\t\t\t<\/div>\n\t\t\t\t<\/div>\n\t\t\t\t<section class=\"elementor-section elementor-top-section elementor-element elementor-element-686ae87 elementor-section-full_width elementor-section-height-default elementor-section-height-default sc_fly_static\" data-id=\"686ae87\" data-element_type=\"section\">\n\t\t\t\t\t\t<div class=\"elementor-container elementor-column-gap-no\">\n\t\t\t\t\t<div class=\"elementor-column elementor-col-100 elementor-top-column elementor-element elementor-element-ba69855 sc_inner_width_none sc_content_align_inherit sc_layouts_column_icons_position_left sc_fly_static\" data-id=\"ba69855\" data-element_type=\"column\">\n\t\t\t<div class=\"elementor-widget-wrap elementor-element-populated\">\n\t\t\t\t\t\t<div class=\"elementor-element elementor-element-7495514 sc_height_medium sc_fly_static elementor-widget elementor-widget-spacer\" data-id=\"7495514\" data-element_type=\"widget\" data-widget_type=\"spacer.default\">\n\t\t\t\t<div class=\"elementor-widget-container\">\n\t\t\t\t\t\t\t<div class=\"elementor-spacer\">\n\t\t\t<div class=\"elementor-spacer-inner\"><\/div>\n\t\t<\/div>\n\t\t\t\t\t\t<\/div>\n\t\t\t\t<\/div>\n\t\t\t\t<div class=\"elementor-element elementor-element-950b80b elementor-widget__width-initial elementor-widget-tablet__width-initial elementor-absolute sc_fly_static elementor-widget elementor-widget-image\" data-id=\"950b80b\" data-element_type=\"widget\" data-settings=\"{&quot;_position&quot;:&quot;absolute&quot;}\" data-widget_type=\"image.default\">\n\t\t\t\t<div class=\"elementor-widget-container\">\n\t\t\t\t\t\t\t\t\t\t\t\t\t\t\t<img decoding=\"async\" width=\"301\" height=\"115\" src=\"https:\/\/globalperspektif.com\/wp-content\/uploads\/2024\/02\/h1-left-vector.svg\" class=\"attachment-full size-full wp-image-25309\" alt=\"\" \/>\t\t\t\t\t\t\t\t\t\t\t\t\t\t\t<\/div>\n\t\t\t\t<\/div>\n\t\t\t\t<section class=\"elementor-section elementor-inner-section elementor-element elementor-element-395cb3b elementor-section-boxed elementor-section-height-default elementor-section-height-default sc_fly_static\" data-id=\"395cb3b\" data-element_type=\"section\">\n\t\t\t\t\t\t<div class=\"elementor-container elementor-column-gap-extended\">\n\t\t\t\t\t<div class=\"elementor-column elementor-col-100 elementor-inner-column elementor-element elementor-element-c004dad sc_inner_width_none sc_content_align_inherit sc_layouts_column_icons_position_left sc_fly_static\" data-id=\"c004dad\" data-element_type=\"column\">\n\t\t\t<div class=\"elementor-widget-wrap elementor-element-populated\">\n\t\t\t\t\t\t<div class=\"elementor-element elementor-element-a66adeb animation_type_block sc_fly_static elementor-invisible elementor-widget elementor-widget-trx_sc_title\" data-id=\"a66adeb\" data-element_type=\"widget\" data-settings=\"{&quot;_animation&quot;:&quot;beautique-fadeinup&quot;}\" data-widget_type=\"trx_sc_title.default\">\n\t\t\t\t<div class=\"elementor-widget-container\">\n\t\t\t\t\t<div\t\tclass=\"sc_title sc_title_default\" ><h1 class=\"sc_item_title sc_title_title sc_align_center sc_item_title_style_default sc_item_title_tag\"\n\t\t\t><span class=\"sc_item_title_text\">Current News<\/span><\/h1><\/div>\t\t\t\t<\/div>\n\t\t\t\t<\/div>\n\t\t\t\t<div class=\"elementor-element elementor-element-61e7060 sc_height_small sc_fly_static elementor-widget elementor-widget-spacer\" data-id=\"61e7060\" data-element_type=\"widget\" data-widget_type=\"spacer.default\">\n\t\t\t\t<div class=\"elementor-widget-container\">\n\t\t\t\t\t\t\t<div class=\"elementor-spacer\">\n\t\t\t<div class=\"elementor-spacer-inner\"><\/div>\n\t\t<\/div>\n\t\t\t\t\t\t<\/div>\n\t\t\t\t<\/div>\n\t\t\t\t<div class=\"elementor-element elementor-element-f4eb7a6 sc_style_default animation_type_block sc_fly_static elementor-invisible elementor-widget elementor-widget-trx_sc_blogger\" data-id=\"f4eb7a6\" data-element_type=\"widget\" data-settings=\"{&quot;_animation&quot;:&quot;beautique-fadeinup&quot;}\" data-widget_type=\"trx_sc_blogger.default\">\n\t\t\t\t<div class=\"elementor-widget-container\">\n\t\t\t\t\t<div \t\tclass=\"sc_blogger sc_blogger_classic-masonry sc_blogger_classic-masonry_default sc_item_filters_tabs_none alignnone\" ><div  class=\"sc_blogger_slider sc_item_slider slider_swiper_outer slider_outer slider_outer_nocontrols slider_outer_pagination slider_outer_pagination_bullets slider_outer_pagination_pos_bottom slider_outer_nocentered slider_outer_overflow_hidden slider_outer_multi\">\n\t<div  data-slides-per-view-breakpoints=\"{&quot;999999&quot;:2}\" class=\"slider_container swiper-slider-container slider_swiper slider_noresize slider_nocontrols slider_pagination slider_pagination_bullets slider_pagination_pos_bottom slider_nocentered slider_overflow_hidden slider_multi\" data-slides-per-view=\"2\" data-slides-space=\"30\" data-effect=\"slide\" data-slides-min-width=\"220\" data-pagination=\"bullets\" data-direction=\"horizontal\" data-mouse-wheel=\"0\" data-autoplay=\"1\" data-loop=\"1\" data-free-mode=\"0\" data-slides-centered=\"0\" data-slides-overflow=\"0\">\n\t\t<div class=\"slides slider-wrapper swiper-wrapper sc_item_columns_2\"><div class=\"slider-slide swiper-slide\"><article id=\"post-31919\" data-post-id=\"31919\"\n\tclass=\"post_item post_item_container post_format_standard post_layout_classic post_layout_classic_2 post_layout_classic-masonry post_layout_classic-masonry_2 post-31919 post type-post status-publish format-standard has-post-thumbnail hentry category-blog tag-italya-vize tag-italya-vizesi\">\n\t<div class=\"post_featured with_thumb hover_link\"><img fetchpriority=\"high\" decoding=\"async\" width=\"410\" height=\"273\" src=\"https:\/\/globalperspektif.com\/wp-content\/uploads\/2026\/02\/italya-vize-nedir-nasil-yapilir-1-1-410x273.jpg\" class=\"attachment-beautique-thumb-masonry size-beautique-thumb-masonry wp-post-image\" alt=\"\" srcset=\"https:\/\/globalperspektif.com\/wp-content\/uploads\/2026\/02\/italya-vize-nedir-nasil-yapilir-1-1-410x273.jpg 410w, https:\/\/globalperspektif.com\/wp-content\/uploads\/2026\/02\/italya-vize-nedir-nasil-yapilir-1-1-300x200.jpg 300w, https:\/\/globalperspektif.com\/wp-content\/uploads\/2026\/02\/italya-vize-nedir-nasil-yapilir-1-1-1024x683.jpg 1024w, https:\/\/globalperspektif.com\/wp-content\/uploads\/2026\/02\/italya-vize-nedir-nasil-yapilir-1-1-768x512.jpg 768w, https:\/\/globalperspektif.com\/wp-content\/uploads\/2026\/02\/italya-vize-nedir-nasil-yapilir-1-1-18x12.jpg 18w, https:\/\/globalperspektif.com\/wp-content\/uploads\/2026\/02\/italya-vize-nedir-nasil-yapilir-1-1-370x247.jpg 370w, https:\/\/globalperspektif.com\/wp-content\/uploads\/2026\/02\/italya-vize-nedir-nasil-yapilir-1-1-840x560.jpg 840w, https:\/\/globalperspektif.com\/wp-content\/uploads\/2026\/02\/italya-vize-nedir-nasil-yapilir-1-1.jpg 1500w\" sizes=\"(max-width: 600px) 100vw, 410px\" \/>\t\t\t\t\t\t<div class=\"mask\"><\/div>\n\t\t\t\t\t\t\t\t\t<a href=\"https:\/\/globalperspektif.com\/en\/italya-vize-nedir-nasil-yapilir\/\"  aria-hidden=\"true\" class=\"link\"><\/a>\n\t\t\t<\/div>\t\t<div class=\"post_header entry-header\">\n\t\t\t<div class=\"post_meta\"><span class=\"post_meta_item post_categories cat_sep\"><a href=\"https:\/\/globalperspektif.com\/en\/kategori\/blog\/\" rel=\"category tag\">Blog<\/a><\/span><span class=\"post_meta_item post_date\"><a href=\"https:\/\/globalperspektif.com\/en\/italya-vize-nedir-nasil-yapilir\/\">13 February 2026<\/a><\/span><\/div><h4 class=\"post_title entry-title\"><a href=\"https:\/\/globalperspektif.com\/en\/italya-vize-nedir-nasil-yapilir\/\" rel=\"bookmark\">\u0130talya Vize Nedir? Nas\u0131l Yap\u0131l\u0131r?<\/a><\/h4>\t\t<\/div><!-- .entry-header -->\n\t\t\n<\/article><\/div><div class=\"slider-slide swiper-slide\"><article id=\"post-31916\" data-post-id=\"31916\"\n\tclass=\"post_item post_item_container post_format_standard post_layout_classic post_layout_classic_2 post_layout_classic-masonry post_layout_classic-masonry_2 post-31916 post type-post status-publish format-standard has-post-thumbnail hentry category-blog tag-italya-vize-ve-oturma-izni tag-italyada-oturma-izni tag-italyada-vize-ve-oturma-izni\">\n\t<div class=\"post_featured with_thumb hover_link\"><img decoding=\"async\" width=\"410\" height=\"273\" src=\"https:\/\/globalperspektif.com\/wp-content\/uploads\/2026\/02\/italyada-vize-ve-oturma-izni-nasil-alinir-1-1-410x273.jpg\" class=\"attachment-beautique-thumb-masonry size-beautique-thumb-masonry wp-post-image\" alt=\"\" srcset=\"https:\/\/globalperspektif.com\/wp-content\/uploads\/2026\/02\/italyada-vize-ve-oturma-izni-nasil-alinir-1-1-410x273.jpg 410w, https:\/\/globalperspektif.com\/wp-content\/uploads\/2026\/02\/italyada-vize-ve-oturma-izni-nasil-alinir-1-1-300x200.jpg 300w, https:\/\/globalperspektif.com\/wp-content\/uploads\/2026\/02\/italyada-vize-ve-oturma-izni-nasil-alinir-1-1-1024x683.jpg 1024w, https:\/\/globalperspektif.com\/wp-content\/uploads\/2026\/02\/italyada-vize-ve-oturma-izni-nasil-alinir-1-1-768x512.jpg 768w, https:\/\/globalperspektif.com\/wp-content\/uploads\/2026\/02\/italyada-vize-ve-oturma-izni-nasil-alinir-1-1-18x12.jpg 18w, https:\/\/globalperspektif.com\/wp-content\/uploads\/2026\/02\/italyada-vize-ve-oturma-izni-nasil-alinir-1-1-370x247.jpg 370w, https:\/\/globalperspektif.com\/wp-content\/uploads\/2026\/02\/italyada-vize-ve-oturma-izni-nasil-alinir-1-1-840x560.jpg 840w, https:\/\/globalperspektif.com\/wp-content\/uploads\/2026\/02\/italyada-vize-ve-oturma-izni-nasil-alinir-1-1.jpg 1500w\" sizes=\"(max-width: 600px) 100vw, 410px\" \/>\t\t\t\t\t\t<div class=\"mask\"><\/div>\n\t\t\t\t\t\t\t\t\t<a href=\"https:\/\/globalperspektif.com\/en\/italyada-vize-ve-oturma-izni-nasil-alinir\/\"  aria-hidden=\"true\" class=\"link\"><\/a>\n\t\t\t<\/div>\t\t<div class=\"post_header entry-header\">\n\t\t\t<div class=\"post_meta\"><span class=\"post_meta_item post_categories cat_sep\"><a href=\"https:\/\/globalperspektif.com\/en\/kategori\/blog\/\" rel=\"category tag\">Blog<\/a><\/span><span class=\"post_meta_item post_date\"><a href=\"https:\/\/globalperspektif.com\/en\/italyada-vize-ve-oturma-izni-nasil-alinir\/\">11 February 2026<\/a><\/span><\/div><h4 class=\"post_title entry-title\"><a href=\"https:\/\/globalperspektif.com\/en\/italyada-vize-ve-oturma-izni-nasil-alinir\/\" rel=\"bookmark\">\u0130talya\u2019da Vize Ve Oturma \u0130zni Nas\u0131l Al\u0131n\u0131r?<\/a><\/h4>\t\t<\/div><!-- .entry-header -->\n\t\t\n<\/article><\/div><div class=\"slider-slide swiper-slide\"><article id=\"post-31915\" data-post-id=\"31915\"\n\tclass=\"post_item post_item_container post_format_standard post_layout_classic post_layout_classic_2 post_layout_classic-masonry post_layout_classic-masonry_2 post-31915 post type-post status-publish format-standard has-post-thumbnail hentry category-blog tag-avrupa-ulkesi-vatandasi tag-avrupa-ulkesi-vatandasi-olmak\">\n\t<div class=\"post_featured with_thumb hover_link\"><img loading=\"lazy\" decoding=\"async\" width=\"410\" height=\"274\" src=\"https:\/\/globalperspektif.com\/wp-content\/uploads\/2026\/02\/avrupa-ulkesi-vatandasi-nasil-olunur-1-1-410x274.jpg\" class=\"attachment-beautique-thumb-masonry size-beautique-thumb-masonry wp-post-image\" alt=\"\" srcset=\"https:\/\/globalperspektif.com\/wp-content\/uploads\/2026\/02\/avrupa-ulkesi-vatandasi-nasil-olunur-1-1-410x274.jpg 410w, https:\/\/globalperspektif.com\/wp-content\/uploads\/2026\/02\/avrupa-ulkesi-vatandasi-nasil-olunur-1-1-300x200.jpg 300w, https:\/\/globalperspektif.com\/wp-content\/uploads\/2026\/02\/avrupa-ulkesi-vatandasi-nasil-olunur-1-1-1024x683.jpg 1024w, https:\/\/globalperspektif.com\/wp-content\/uploads\/2026\/02\/avrupa-ulkesi-vatandasi-nasil-olunur-1-1-768x513.jpg 768w, https:\/\/globalperspektif.com\/wp-content\/uploads\/2026\/02\/avrupa-ulkesi-vatandasi-nasil-olunur-1-1-18x12.jpg 18w, https:\/\/globalperspektif.com\/wp-content\/uploads\/2026\/02\/avrupa-ulkesi-vatandasi-nasil-olunur-1-1-370x247.jpg 370w, https:\/\/globalperspektif.com\/wp-content\/uploads\/2026\/02\/avrupa-ulkesi-vatandasi-nasil-olunur-1-1-840x561.jpg 840w, https:\/\/globalperspektif.com\/wp-content\/uploads\/2026\/02\/avrupa-ulkesi-vatandasi-nasil-olunur-1-1.jpg 1500w\" sizes=\"(max-width: 600px) 100vw, 410px\" \/>\t\t\t\t\t\t<div class=\"mask\"><\/div>\n\t\t\t\t\t\t\t\t\t<a href=\"https:\/\/globalperspektif.com\/en\/avrupa-ulkesi-vatandasi-nasil-olunur\/\"  aria-hidden=\"true\" class=\"link\"><\/a>\n\t\t\t<\/div>\t\t<div class=\"post_header entry-header\">\n\t\t\t<div class=\"post_meta\"><span class=\"post_meta_item post_categories cat_sep\"><a href=\"https:\/\/globalperspektif.com\/en\/kategori\/blog\/\" rel=\"category tag\">Blog<\/a><\/span><span class=\"post_meta_item post_date\"><a href=\"https:\/\/globalperspektif.com\/en\/avrupa-ulkesi-vatandasi-nasil-olunur\/\">9 February 2026<\/a><\/span><\/div><h4 class=\"post_title entry-title\"><a href=\"https:\/\/globalperspektif.com\/en\/avrupa-ulkesi-vatandasi-nasil-olunur\/\" rel=\"bookmark\">Avrupa \u00dclkesi Vatanda\u015f\u0131 Nas\u0131l Olunur?<\/a><\/h4>\t\t<\/div><!-- .entry-header -->\n\t\t\n<\/article><\/div><div class=\"slider-slide swiper-slide\"><article id=\"post-31914\" data-post-id=\"31914\"\n\tclass=\"post_item post_item_container post_format_standard post_layout_classic post_layout_classic_2 post_layout_classic-masonry post_layout_classic-masonry_2 post-31914 post type-post status-publish format-standard has-post-thumbnail hentry category-blog tag-yunanistan-vize tag-yunanistan-vizesi\">\n\t<div class=\"post_featured with_thumb hover_link\"><img loading=\"lazy\" decoding=\"async\" width=\"410\" height=\"269\" src=\"https:\/\/globalperspektif.com\/wp-content\/uploads\/2026\/02\/yunanistan-vizesi-nedir-nasil-alinir-1-1-410x269.jpg\" class=\"attachment-beautique-thumb-masonry size-beautique-thumb-masonry wp-post-image\" alt=\"\" srcset=\"https:\/\/globalperspektif.com\/wp-content\/uploads\/2026\/02\/yunanistan-vizesi-nedir-nasil-alinir-1-1-410x269.jpg 410w, https:\/\/globalperspektif.com\/wp-content\/uploads\/2026\/02\/yunanistan-vizesi-nedir-nasil-alinir-1-1-300x197.jpg 300w, https:\/\/globalperspektif.com\/wp-content\/uploads\/2026\/02\/yunanistan-vizesi-nedir-nasil-alinir-1-1-1024x673.jpg 1024w, https:\/\/globalperspektif.com\/wp-content\/uploads\/2026\/02\/yunanistan-vizesi-nedir-nasil-alinir-1-1-768x505.jpg 768w, https:\/\/globalperspektif.com\/wp-content\/uploads\/2026\/02\/yunanistan-vizesi-nedir-nasil-alinir-1-1-18x12.jpg 18w, https:\/\/globalperspektif.com\/wp-content\/uploads\/2026\/02\/yunanistan-vizesi-nedir-nasil-alinir-1-1-370x243.jpg 370w, https:\/\/globalperspektif.com\/wp-content\/uploads\/2026\/02\/yunanistan-vizesi-nedir-nasil-alinir-1-1-840x552.jpg 840w, https:\/\/globalperspektif.com\/wp-content\/uploads\/2026\/02\/yunanistan-vizesi-nedir-nasil-alinir-1-1.jpg 1522w\" sizes=\"(max-width: 600px) 100vw, 410px\" \/>\t\t\t\t\t\t<div class=\"mask\"><\/div>\n\t\t\t\t\t\t\t\t\t<a href=\"https:\/\/globalperspektif.com\/en\/yunanistan-vizesi-nedir-nasil-alinir\/\"  aria-hidden=\"true\" class=\"link\"><\/a>\n\t\t\t<\/div>\t\t<div class=\"post_header entry-header\">\n\t\t\t<div class=\"post_meta\"><span class=\"post_meta_item post_categories cat_sep\"><a href=\"https:\/\/globalperspektif.com\/en\/kategori\/blog\/\" rel=\"category tag\">Blog<\/a><\/span><span class=\"post_meta_item post_date\"><a href=\"https:\/\/globalperspektif.com\/en\/yunanistan-vizesi-nedir-nasil-alinir\/\">7 February 2026<\/a><\/span><\/div><h4 class=\"post_title entry-title\"><a href=\"https:\/\/globalperspektif.com\/en\/yunanistan-vizesi-nedir-nasil-alinir\/\" rel=\"bookmark\">Yunanistan Vizesi Nedir? Nas\u0131l Al\u0131n\u0131r?<\/a><\/h4>\t\t<\/div><!-- .entry-header -->\n\t\t\n<\/article><\/div><div class=\"slider-slide swiper-slide\"><article id=\"post-31913\" data-post-id=\"31913\"\n\tclass=\"post_item post_item_container post_format_standard post_layout_classic post_layout_classic_2 post_layout_classic-masonry post_layout_classic-masonry_2 post-31913 post type-post status-publish format-standard has-post-thumbnail hentry category-blog tag-golden-visa tag-yunanistan-golden-visa\">\n\t<div class=\"post_featured with_thumb hover_link\"><img loading=\"lazy\" decoding=\"async\" width=\"410\" height=\"308\" src=\"https:\/\/globalperspektif.com\/wp-content\/uploads\/2026\/02\/yunanistan-golden-visa-nedir-sartlari-nelerdir-1-1-410x308.jpg\" class=\"attachment-beautique-thumb-masonry size-beautique-thumb-masonry wp-post-image\" alt=\"\" srcset=\"https:\/\/globalperspektif.com\/wp-content\/uploads\/2026\/02\/yunanistan-golden-visa-nedir-sartlari-nelerdir-1-1-410x308.jpg 410w, https:\/\/globalperspektif.com\/wp-content\/uploads\/2026\/02\/yunanistan-golden-visa-nedir-sartlari-nelerdir-1-1-300x225.jpg 300w, https:\/\/globalperspektif.com\/wp-content\/uploads\/2026\/02\/yunanistan-golden-visa-nedir-sartlari-nelerdir-1-1-1024x768.jpg 1024w, https:\/\/globalperspektif.com\/wp-content\/uploads\/2026\/02\/yunanistan-golden-visa-nedir-sartlari-nelerdir-1-1-768x576.jpg 768w, https:\/\/globalperspektif.com\/wp-content\/uploads\/2026\/02\/yunanistan-golden-visa-nedir-sartlari-nelerdir-1-1-16x12.jpg 16w, https:\/\/globalperspektif.com\/wp-content\/uploads\/2026\/02\/yunanistan-golden-visa-nedir-sartlari-nelerdir-1-1-370x278.jpg 370w, https:\/\/globalperspektif.com\/wp-content\/uploads\/2026\/02\/yunanistan-golden-visa-nedir-sartlari-nelerdir-1-1-840x630.jpg 840w, https:\/\/globalperspektif.com\/wp-content\/uploads\/2026\/02\/yunanistan-golden-visa-nedir-sartlari-nelerdir-1-1.jpg 1500w\" sizes=\"(max-width: 600px) 100vw, 410px\" \/>\t\t\t\t\t\t<div class=\"mask\"><\/div>\n\t\t\t\t\t\t\t\t\t<a href=\"https:\/\/globalperspektif.com\/en\/yunanistan-golden-visa-nedir-sartlari-nelerdir\/\"  aria-hidden=\"true\" class=\"link\"><\/a>\n\t\t\t<\/div>\t\t<div class=\"post_header entry-header\">\n\t\t\t<div class=\"post_meta\"><span class=\"post_meta_item post_categories cat_sep\"><a href=\"https:\/\/globalperspektif.com\/en\/kategori\/blog\/\" rel=\"category tag\">Blog<\/a><\/span><span class=\"post_meta_item post_date\"><a href=\"https:\/\/globalperspektif.com\/en\/yunanistan-golden-visa-nedir-sartlari-nelerdir\/\">5 February 2026<\/a><\/span><\/div><h4 class=\"post_title entry-title\"><a href=\"https:\/\/globalperspektif.com\/en\/yunanistan-golden-visa-nedir-sartlari-nelerdir\/\" rel=\"bookmark\">Yunanistan Golden Visa Nedir? \u015eartlar\u0131 Nelerdir?<\/a><\/h4>\t\t<\/div><!-- .entry-header -->\n\t\t\n<\/article><\/div><\/div><\/div><div class=\"slider_pagination_wrap swiper-pagination\"><\/div><\/div><\/div>\t\t\t\t<\/div>\n\t\t\t\t<\/div>\n\t\t\t\t\t<\/div>\n\t\t<\/div>\n\t\t\t\t\t<\/div>\n\t\t<\/section>\n\t\t\t\t<div class=\"elementor-element elementor-element-3af2dd5 sc_height_large sc_fly_static elementor-widget elementor-widget-spacer\" data-id=\"3af2dd5\" data-element_type=\"widget\" data-widget_type=\"spacer.default\">\n\t\t\t\t<div class=\"elementor-widget-container\">\n\t\t\t\t\t\t\t<div class=\"elementor-spacer\">\n\t\t\t<div class=\"elementor-spacer-inner\"><\/div>\n\t\t<\/div>\n\t\t\t\t\t\t<\/div>\n\t\t\t\t<\/div>\n\t\t\t\t<div class=\"elementor-element elementor-element-29c17fc elementor-widget__width-initial elementor-widget-tablet__width-initial elementor-absolute sc_fly_static elementor-widget elementor-widget-image\" data-id=\"29c17fc\" data-element_type=\"widget\" data-settings=\"{&quot;_position&quot;:&quot;absolute&quot;}\" data-widget_type=\"image.default\">\n\t\t\t\t<div class=\"elementor-widget-container\">\n\t\t\t\t\t\t\t\t\t\t\t\t\t\t\t<img loading=\"lazy\" decoding=\"async\" width=\"301\" height=\"90\" src=\"https:\/\/globalperspektif.com\/wp-content\/uploads\/2024\/02\/h1-right-vector.svg\" class=\"attachment-full size-full wp-image-25308\" alt=\"\" \/>\t\t\t\t\t\t\t\t\t\t\t\t\t\t\t<\/div>\n\t\t\t\t<\/div>\n\t\t\t\t\t<\/div>\n\t\t<\/div>\n\t\t\t\t\t<\/div>\n\t\t<\/section>\n\t\t\t\t<\/div>","protected":false},"excerpt":{"rendered":"<p>You can click to review the program now and get more detailed information. <\/p>","protected":false},"author":1,"featured_media":31861,"comment_status":"closed","ping_status":"closed","template":"","cpt_services_group":[221],"class_list":["post-31952","cpt_services","type-cpt_services","status-publish","has-post-thumbnail","hentry","cpt_services_group-diger"],"_links":{"self":[{"href":"https:\/\/globalperspektif.com\/en\/wp-json\/wp\/v2\/cpt_services\/31952","targetHints":{"allow":["GET"]}}],"collection":[{"href":"https:\/\/globalperspektif.com\/en\/wp-json\/wp\/v2\/cpt_services"}],"about":[{"href":"https:\/\/globalperspektif.com\/en\/wp-json\/wp\/v2\/types\/cpt_services"}],"author":[{"embeddable":true,"href":"https:\/\/globalperspektif.com\/en\/wp-json\/wp\/v2\/users\/1"}],"replies":[{"embeddable":true,"href":"https:\/\/globalperspektif.com\/en\/wp-json\/wp\/v2\/comments?post=31952"}],"version-history":[{"count":7,"href":"https:\/\/globalperspektif.com\/en\/wp-json\/wp\/v2\/cpt_services\/31952\/revisions"}],"predecessor-version":[{"id":31989,"href":"https:\/\/globalperspektif.com\/en\/wp-json\/wp\/v2\/cpt_services\/31952\/revisions\/31989"}],"wp:featuredmedia":[{"embeddable":true,"href":"https:\/\/globalperspektif.com\/en\/wp-json\/wp\/v2\/media\/31861"}],"wp:attachment":[{"href":"https:\/\/globalperspektif.com\/en\/wp-json\/wp\/v2\/media?parent=31952"}],"wp:term":[{"taxonomy":"cpt_services_group","embeddable":true,"href":"https:\/\/globalperspektif.com\/en\/wp-json\/wp\/v2\/cpt_services_group?post=31952"}],"curies":[{"name":"wp","href":"https:\/\/api.w.org\/{rel}","templated":true}]}}